{"id":1966,"date":"2022-05-29T16:36:57","date_gmt":"2022-05-29T14:36:57","guid":{"rendered":"https:\/\/www.galeriebernardbouche.com\/?page_id=1966"},"modified":"2023-04-01T12:10:35","modified_gmt":"2023-04-01T10:10:35","slug":"expo-susana-solano","status":"publish","type":"page","link":"https:\/\/www.galeriebernardbouche.com\/en\/expo-susana-solano\/","title":{"rendered":"EXPO SUSANA SOLANO 07.2020"},"content":{"rendered":"<div data-elementor-type=\"wp-post\" data-elementor-id=\"1966\" class=\"elementor elementor-1966\">\n\t\t\t\t\t\t<section class=\"elementor-section elementor-top-section elementor-element elementor-element-4d266d7 elementor-section-content-middle elementor-section-full_width elementor-section-height-min-height elementor-section-height-default elementor-section-items-middle wpr-particle-no wpr-jarallax-no wpr-parallax-no wpr-equal-height-no\" data-id=\"4d266d7\" data-element_type=\"section\" data-e-type=\"section\" data-settings=\"{&quot;background_background&quot;:&quot;classic&quot;,&quot;animation_tablet&quot;:&quot;fadeIn&quot;}\">\n\t\t\t\t\t\t<div class=\"elementor-container elementor-column-gap-default\">\n\t\t\t\t\t<div class=\"elementor-column elementor-col-50 elementor-top-column elementor-element elementor-element-3464e21\" data-id=\"3464e21\" data-element_type=\"column\" data-e-type=\"column\">\n\t\t\t<div class=\"elementor-widget-wrap elementor-element-populated\">\n\t\t\t\t\t\t<div class=\"elementor-element elementor-element-55f2e05 elementor-widget elementor-widget-heading\" data-id=\"55f2e05\" data-element_type=\"widget\" data-e-type=\"widget\" data-widget_type=\"heading.default\">\n\t\t\t\t<div class=\"elementor-widget-container\">\n\t\t\t\t\t<h3 class=\"elementor-heading-title elementor-size-small\"><a href=\"https:\/\/www.galeriebernardbouche.com\/en\/\">GALERIE BERNARD BOUCHE<\/a><\/h3>\t\t\t\t<\/div>\n\t\t\t\t<\/div>\n\t\t\t\t\t<\/div>\n\t\t<\/div>\n\t\t\t\t<div class=\"elementor-column elementor-col-50 elementor-top-column elementor-element elementor-element-49fd045\" data-id=\"49fd045\" data-element_type=\"column\" data-e-type=\"column\" data-settings=\"{&quot;animation_mobile&quot;:&quot;fadeIn&quot;}\">\n\t\t\t<div class=\"elementor-widget-wrap elementor-element-populated\">\n\t\t\t\t\t\t<div class=\"elementor-element elementor-element-7dd228c elementor-widget elementor-widget-ekit-nav-menu\" data-id=\"7dd228c\" data-element_type=\"widget\" data-e-type=\"widget\" data-widget_type=\"ekit-nav-menu.default\">\n\t\t\t\t<div class=\"elementor-widget-container\">\n\t\t\t\t\t\t\t<nav class=\"ekit-wid-con ekit_menu_responsive_tablet\"\n\t\t\tdata-hamburger-icon=\"\"\n\t\t\tdata-hamburger-icon-type=\"icon\"\n\t\t\tdata-responsive-breakpoint=\"1024\">\n\t\t\t            <button class=\"elementskit-menu-hamburger elementskit-menu-toggler\"  type=\"button\" aria-label=\"hamburger-icon\">\n                                    <span class=\"elementskit-menu-hamburger-icon\"><\/span><span class=\"elementskit-menu-hamburger-icon\"><\/span><span class=\"elementskit-menu-hamburger-icon\"><\/span>\n                            <\/button>\n            <div id=\"ekit-megamenu-menu-principal\" class=\"elementskit-menu-container elementskit-menu-offcanvas-elements elementskit-navbar-nav-default ekit-nav-menu-one-page-yes ekit-nav-dropdown-hover\"><ul id=\"menu-menu-principal\" class=\"elementskit-navbar-nav elementskit-menu-po-right submenu-click-on-icon\"><li id=\"menu-item-71\" class=\"menu-item menu-item-type-custom menu-item-object-custom menu-item-has-children menu-item-71 nav-item elementskit-dropdown-has relative_position elementskit-dropdown-menu-default_width elementskit-mobile-builder-content\" data-vertical-menu=\"750px\"><a href=\"https:\/\/www.galeriebernardbouche.com\/en\/\" class=\"ekit-menu-nav-link ekit-menu-dropdown-toggle\">EXHIBITIONS<i aria-hidden=\"true\" class=\"icon icon-down-arrow1 elementskit-submenu-indicator\"><\/i><\/a>\n<ul class=\"elementskit-dropdown elementskit-submenu-panel\">\n\t<li id=\"menu-item-917\" class=\"menu-item menu-item-type-post_type menu-item-object-page menu-item-917 nav-item elementskit-mobile-builder-content\" data-vertical-menu=\"750px\"><a href=\"https:\/\/www.galeriebernardbouche.com\/en\/exposition-en-cours\/\" class=\"dropdown-item\">CURRENT EXHIBITION<\/a>\t<li id=\"menu-item-5665\" class=\"menu-item menu-item-type-post_type menu-item-object-page menu-item-5665 nav-item elementskit-mobile-builder-content\" data-vertical-menu=\"750px\"><a href=\"https:\/\/www.galeriebernardbouche.com\/en\/expositions-a-venir\/\" class=\"dropdown-item\">UPCOMING EXHIBITION<\/a>\t<li id=\"menu-item-2629\" class=\"menu-item menu-item-type-post_type menu-item-object-page menu-item-2629 nav-item elementskit-mobile-builder-content\" data-vertical-menu=\"750px\"><a href=\"https:\/\/www.galeriebernardbouche.com\/en\/expositions-passees\/\" class=\"dropdown-item\">PAST EXHIBITIONS<\/a><\/ul>\n<\/li>\n<li id=\"menu-item-2815\" class=\"menu-item menu-item-type-post_type menu-item-object-page menu-item-2815 nav-item elementskit-mobile-builder-content\" data-vertical-menu=\"750px\"><a href=\"https:\/\/www.galeriebernardbouche.com\/en\/artistes\/\" class=\"ekit-menu-nav-link\">ARTISTS<\/a><\/li>\n<li id=\"menu-item-907\" class=\"menu-item menu-item-type-post_type menu-item-object-page menu-item-907 nav-item elementskit-mobile-builder-content\" data-vertical-menu=\"750px\"><a href=\"https:\/\/www.galeriebernardbouche.com\/en\/contact\/\" class=\"ekit-menu-nav-link\">CONTACT<\/a><\/li>\n<li id=\"menu-item-904\" class=\"trp-language-switcher-container menu-item menu-item-type-post_type menu-item-object-language_switcher current-language-menu-item menu-item-904 nav-item elementskit-mobile-builder-content\" data-vertical-menu=\"750px\"><a href=\"https:\/\/www.galeriebernardbouche.com\/en\/wp-json\/wp\/v2\/pages\/1966\" class=\"ekit-menu-nav-link\"><span data-no-translation><span class=\"trp-ls-language-name\">FR<\/span><\/span><\/a><\/li>\n<li id=\"menu-item-903\" class=\"trp-language-switcher-container menu-item menu-item-type-post_type menu-item-object-language_switcher current-language-menu-item menu-item-903 nav-item elementskit-mobile-builder-content\" data-vertical-menu=\"750px\"><a href=\"https:\/\/www.galeriebernardbouche.com\/en\/wp-json\/wp\/v2\/pages\/1966\" class=\"ekit-menu-nav-link\"><span data-no-translation><span class=\"trp-ls-language-name\">EN<\/span><\/span><\/a><\/li>\n<\/ul><div class=\"elementskit-nav-identity-panel\"><button class=\"elementskit-menu-close elementskit-menu-toggler\" type=\"button\">X<\/button><\/div><\/div>\n\t\t\t<div class=\"elementskit-menu-overlay elementskit-menu-offcanvas-elements elementskit-menu-toggler ekit-nav-menu--overlay\"><\/div>        <\/nav>\n\t\t\t\t\t\t<\/div>\n\t\t\t\t<\/div>\n\t\t\t\t\t<\/div>\n\t\t<\/div>\n\t\t\t\t\t<\/div>\n\t\t<\/section>\n\t\t\t\t<section class=\"elementor-section elementor-top-section elementor-element elementor-element-ffeb68b elementor-section-height-min-height elementor-section-full_width elementor-section-height-default elementor-section-items-middle wpr-particle-no wpr-jarallax-no wpr-parallax-no wpr-sticky-section-no wpr-equal-height-no elementor-invisible\" data-id=\"ffeb68b\" data-element_type=\"section\" data-e-type=\"section\" data-settings=\"{&quot;animation&quot;:&quot;fadeIn&quot;,&quot;background_background&quot;:&quot;classic&quot;}\">\n\t\t\t\t\t\t<div class=\"elementor-container elementor-column-gap-default\">\n\t\t\t\t\t<div class=\"elementor-column elementor-col-100 elementor-top-column elementor-element elementor-element-3b21296 elementor-invisible\" data-id=\"3b21296\" data-element_type=\"column\" data-e-type=\"column\" data-settings=\"{&quot;animation&quot;:&quot;fadeIn&quot;}\">\n\t\t\t<div class=\"elementor-widget-wrap elementor-element-populated\">\n\t\t\t\t\t\t<div class=\"elementor-element elementor-element-40babef elementor-widget elementor-widget-heading\" data-id=\"40babef\" data-element_type=\"widget\" data-e-type=\"widget\" data-widget_type=\"heading.default\">\n\t\t\t\t<div class=\"elementor-widget-container\">\n\t\t\t\t\t<h2 class=\"elementor-heading-title elementor-size-default\">PAST EXHIBITIONS<\/h2>\t\t\t\t<\/div>\n\t\t\t\t<\/div>\n\t\t\t\t\t<\/div>\n\t\t<\/div>\n\t\t\t\t\t<\/div>\n\t\t<\/section>\n\t\t\t\t<section class=\"elementor-section elementor-top-section elementor-element elementor-element-4656bd8 elementor-section-height-min-height animated-slow elementor-section-full_width elementor-section-items-top elementor-reverse-mobile elementor-section-height-default wpr-particle-no wpr-jarallax-no wpr-parallax-no wpr-sticky-section-no wpr-equal-height-no elementor-invisible\" data-id=\"4656bd8\" data-element_type=\"section\" data-e-type=\"section\" data-settings=\"{&quot;background_background&quot;:&quot;classic&quot;,&quot;animation&quot;:&quot;fadeIn&quot;}\">\n\t\t\t\t\t\t<div class=\"elementor-container elementor-column-gap-default\">\n\t\t\t\t\t<div class=\"elementor-column elementor-col-50 elementor-top-column elementor-element elementor-element-6288b15\" data-id=\"6288b15\" data-element_type=\"column\" data-e-type=\"column\">\n\t\t\t<div class=\"elementor-widget-wrap elementor-element-populated\">\n\t\t\t\t\t\t<div class=\"elementor-element elementor-element-dc8a5df elementor-widget elementor-widget-text-editor\" data-id=\"dc8a5df\" data-element_type=\"widget\" data-e-type=\"widget\" data-widget_type=\"text-editor.default\">\n\t\t\t\t<div class=\"elementor-widget-container\">\n\t\t\t\t\t\t\t\t\t<p>SUZANA SOLANO<\/p><p>14 MARCH - 09 JULY 2020<\/p>\t\t\t\t\t\t\t\t<\/div>\n\t\t\t\t<\/div>\n\t\t\t\t<div class=\"elementor-element elementor-element-313929e elementor-widget elementor-widget-text-editor\" data-id=\"313929e\" data-element_type=\"widget\" data-e-type=\"widget\" data-widget_type=\"text-editor.default\">\n\t\t\t\t<div class=\"elementor-widget-container\">\n\t\t\t\t\t\t\t\t\t<p>The gallery has the pleasure to present from Saturday 14th of March 2020,  a solo exhibition of Susana Solano, with works from 1990 to 2016.<\/p><p>For Susana Solano, born in Barcelona in 1946, sculpture is not only about meditation around a form in space, the eternal concern of the sculptor, but must also be inhabited by a feeling, the strength of intention. His sculpture, most often made of stainless steel, is a journey through time. If Susana Solano produces few works today, she considers that a work cannot be duplicated, must keep its resonance and \"work\" over time. Besides, she herself speaks of her work with a certain reserve and radically rejects all rhetoric.<\/p><p>Different facets of her works are already presented in some important exhibitions. Among them, the last exhibition took place at l'I.V.A.M of Valencia in 2019, with a retrospective trail of sculptures, paintings and a remarkable installation which is constituted of copper and steel paving on the ground.<\/p><p>\u00ab  Art hides a meaning of time - the time which bring us to silence, to oblivion, to loss. Art belongs to canvas which encapsulates and reminds the temporal, the lignts which illuminate it, and the stares which approach it to explore what is entails. ...\/... There are a huge amount of experiences which compose the surface of ours lives. However, some of them succeed penetrating like arrows in the center of existence, reach certain neurological areas which constitute the receiving of our actions, our thoughts, and which are the intime sources of our emotions. Thoses deeps experiences of us, only us, are totally transformed, whether willing or unconsciously, in an universe dominated by memory and picture. Memory image is stored outside of the time, sailling freely through irregular areas of the ego, while retaining the right to appear or disappear by its desire. \u00bb<br \/>Extract of an interview of Susana Solano from ABC Cultural with Fernando Castro Fl\u00f3rez.<\/p>\t\t\t\t\t\t\t\t<\/div>\n\t\t\t\t<\/div>\n\t\t\t\t\t<\/div>\n\t\t<\/div>\n\t\t\t\t<div class=\"elementor-column elementor-col-50 elementor-top-column elementor-element elementor-element-a1365fb\" data-id=\"a1365fb\" data-element_type=\"column\" data-e-type=\"column\">\n\t\t\t<div class=\"elementor-widget-wrap elementor-element-populated\">\n\t\t\t\t\t\t\t<\/div>\n\t\t<\/div>\n\t\t\t\t\t<\/div>\n\t\t<\/section>\n\t\t\t\t<section class=\"elementor-section elementor-top-section elementor-element elementor-element-1217168 elementor-section-height-min-height elementor-section-boxed elementor-section-height-default elementor-section-items-middle wpr-particle-no wpr-jarallax-no wpr-parallax-no wpr-sticky-section-no wpr-equal-height-no\" data-id=\"1217168\" data-element_type=\"section\" data-e-type=\"section\" data-settings=\"{&quot;background_background&quot;:&quot;classic&quot;}\">\n\t\t\t\t\t\t<div class=\"elementor-container elementor-column-gap-default\">\n\t\t\t\t\t<div class=\"elementor-column elementor-col-100 elementor-top-column elementor-element elementor-element-4d82be7\" data-id=\"4d82be7\" data-element_type=\"column\" data-e-type=\"column\">\n\t\t\t<div class=\"elementor-widget-wrap elementor-element-populated\">\n\t\t\t\t\t\t<div class=\"elementor-element elementor-element-3c921ec elementor-widget elementor-widget-spacer\" data-id=\"3c921ec\" data-element_type=\"widget\" data-e-type=\"widget\" data-widget_type=\"spacer.default\">\n\t\t\t\t<div class=\"elementor-widget-container\">\n\t\t\t\t\t\t\t<div class=\"elementor-spacer\">\n\t\t\t<div class=\"elementor-spacer-inner\"><\/div>\n\t\t<\/div>\n\t\t\t\t\t\t<\/div>\n\t\t\t\t<\/div>\n\t\t\t\t\t<\/div>\n\t\t<\/div>\n\t\t\t\t\t<\/div>\n\t\t<\/section>\n\t\t\t\t<section class=\"elementor-section elementor-top-section elementor-element elementor-element-821e763 elementor-section-full_width elementor-section-height-default elementor-section-height-default wpr-particle-no wpr-jarallax-no wpr-parallax-no wpr-sticky-section-no wpr-equal-height-no\" data-id=\"821e763\" data-element_type=\"section\" data-e-type=\"section\">\n\t\t\t\t\t\t<div class=\"elementor-container elementor-column-gap-no\">\n\t\t\t\t\t<div class=\"elementor-column elementor-col-100 elementor-top-column elementor-element elementor-element-56a9d5f\" data-id=\"56a9d5f\" data-element_type=\"column\" data-e-type=\"column\">\n\t\t\t<div class=\"elementor-widget-wrap elementor-element-populated\">\n\t\t\t\t\t\t<div class=\"elementor-element elementor-element-fd49185 elementor-widget-divider--view-line elementor-widget elementor-widget-divider\" data-id=\"fd49185\" data-element_type=\"widget\" data-e-type=\"widget\" data-widget_type=\"divider.default\">\n\t\t\t\t<div class=\"elementor-widget-container\">\n\t\t\t\t\t\t\t<div class=\"elementor-divider\">\n\t\t\t<span class=\"elementor-divider-separator\">\n\t\t\t\t\t\t<\/span>\n\t\t<\/div>\n\t\t\t\t\t\t<\/div>\n\t\t\t\t<\/div>\n\t\t\t\t<section class=\"elementor-section elementor-inner-section elementor-element elementor-element-c18638d elementor-section-full_width elementor-section-height-default elementor-section-height-default wpr-particle-no wpr-jarallax-no wpr-parallax-no wpr-sticky-section-no wpr-equal-height-no\" data-id=\"c18638d\" data-element_type=\"section\" data-e-type=\"section\">\n\t\t\t\t\t\t<div class=\"elementor-container elementor-column-gap-default\">\n\t\t\t\t\t<div class=\"elementor-column elementor-col-50 elementor-inner-column elementor-element elementor-element-74007c9\" data-id=\"74007c9\" data-element_type=\"column\" data-e-type=\"column\">\n\t\t\t<div class=\"elementor-widget-wrap elementor-element-populated\">\n\t\t\t\t\t\t<div class=\"elementor-element elementor-element-27d1552 elementor-widget elementor-widget-text-editor\" data-id=\"27d1552\" data-element_type=\"widget\" data-e-type=\"widget\" data-widget_type=\"text-editor.default\">\n\t\t\t\t<div class=\"elementor-widget-container\">\n\t\t\t\t\t\t\t\t\t<p>\u00a92022 All rights reserved Galerie Bernard Bouche<br \/><a href=\"https:\/\/www.galeriebernardbouche.com\/en\/mentions-legales\/\">Legal mentions<\/a> &#8211; <a href=\"https:\/\/www.galeriebernardbouche.com\/en\/politique-de-confidentialite\/\">Politique de confidentialit\u00e9<\/a><\/p>\t\t\t\t\t\t\t\t<\/div>\n\t\t\t\t<\/div>\n\t\t\t\t\t<\/div>\n\t\t<\/div>\n\t\t\t\t<div class=\"elementor-column elementor-col-50 elementor-inner-column elementor-element elementor-element-5c65361\" data-id=\"5c65361\" data-element_type=\"column\" data-e-type=\"column\">\n\t\t\t<div class=\"elementor-widget-wrap elementor-element-populated\">\n\t\t\t\t\t\t<div class=\"elementor-element elementor-element-454c387 elementor-view-default elementor-widget elementor-widget-icon\" data-id=\"454c387\" data-element_type=\"widget\" data-e-type=\"widget\" data-widget_type=\"icon.default\">\n\t\t\t\t<div class=\"elementor-widget-container\">\n\t\t\t\t\t\t\t<div class=\"elementor-icon-wrapper\">\n\t\t\t<a class=\"elementor-icon\" href=\"https:\/\/www.instagram.com\/galeriebernardbouche\/?hl=fr\">\n\t\t\t<i aria-hidden=\"true\" class=\"fab fa-instagram\"><\/i>\t\t\t<\/a>\n\t\t<\/div>\n\t\t\t\t\t\t<\/div>\n\t\t\t\t<\/div>\n\t\t\t\t\t<\/div>\n\t\t<\/div>\n\t\t\t\t\t<\/div>\n\t\t<\/section>\n\t\t\t\t\t<\/div>\n\t\t<\/div>\n\t\t\t\t\t<\/div>\n\t\t<\/section>\n\t\t\t\t<\/div>","protected":false},"excerpt":{"rendered":"<p>GALERIE BERNARD BOUCHE Expositions EXPOSITION EN COURS EXPOSITIONS PASS\u00c9ES ARTISTES CONTACT FR EN X EXPOSITIONS PASS\u00c9ES SUZANA SOLANO 14 MARS \u2013 09 JUILLET 2020 La galerie a le plaisir de pr\u00e9senter \u00e0 partir du samedi 14 mars une exposition personnelle de Susana Solano, avec un ensemble de sculptures illustrant son parcours de 1990 \u00e0 2016. Pour Susana Solano, n\u00e9e \u00e0 Barcelone en 1946, la sculpture se r\u00e9sume non seulement \u00e0 la m\u00e9ditation autour d\u2019une forme dans l\u2019espace, \u00e9ternelle pr\u00e9occupation du sculpteur, mais doit \u00eatre aussi habit\u00e9e d&rsquo;un sentiment, de la force de l&rsquo;intention. Sa sculpture, le plus souvent en acier inoxydable, est un voyage dans le temps. Si Susana Solano produit peu d&rsquo;oeuvres aujourd&rsquo;hui, elle consid\u00e8re qu&rsquo;une oeuvre ne peut se dupliquer, doit garder sa r\u00e9sonance et \u00ab\u00a0travaille\u00a0\u00bb avec le temps. D&rsquo;ailleurs, elle parle elle-m\u00eame de son travail avec une certaine r\u00e9serve et rejette radicalement toute rh\u00e9torique. Diff\u00e9rentes facettes de son travail ont \u00e9t\u00e9 pr\u00e9sent\u00e9es dans d\u2019importantes expositions, dont la derni\u00e8re en 2019 \u00e0 l&rsquo;I.V.A.M de Valencia, un parcours r\u00e9trospectif avec sculptures, peintures et une remarquable installation constitu\u00e9e de dallages de cuivre et d&rsquo;acier noir au sol. \u00abL\u2019art cache la signification du temps \u2013 le temps qui m\u00e8ne au silence, \u00e0 l\u2019oubli, \u00e0 la perte. L\u2019art appartient \u00e0 la toile qui encapsule le temporel et se le rappelle, les lumi\u00e8res qui l\u2019illuminent et les regards qui l\u2019approchent pour explorer ce qu\u2019il entra\u00eene &#8230;\/&#8230;\u00a0 Les exp\u00e9riences qui composent la surface de nos vies sont nombreuses. Mais, quelques unes r\u00e9ussissent \u00e0 p\u00e9n\u00e9trer comme des fl\u00e8ches le noyau de l\u2019existence, atteignant ainsi certaines zones neurologiques qui constituent le r\u00e9servoir de nos actes et pens\u00e9es et la source intime de nos \u00e9motions. Ces profondes exp\u00e9riences \u2013 les n\u00f4tres, et uniquement les n\u00f4tres- sont totalement transform\u00e9es, que ce soit volontairement ou inconsciemment, en un univers domin\u00e9 par la m\u00e9moire et l\u2019image. L\u2019image de la m\u00e9moire est stock\u00e9e en dehors du temps, voguant librement \u00e0 travers les domaines irr\u00e9guliers de l\u2019\u00e9go, tout en gardant le droit d\u2019appara\u00eetre ou de dispara\u00eetre \u00e0 son gr\u00e9.\u00bbExtrait d&rsquo;une interview de Susana Solano, in ABC Cultural avec Fernando Castro Fl\u00f3rez. \u00a92022 All rights reserved Galerie Bernard BoucheMentions l\u00e9gales &#8211; Politique de confidentialit\u00e9<\/p>","protected":false},"author":1,"featured_media":0,"parent":0,"menu_order":86,"comment_status":"closed","ping_status":"closed","template":"elementor_canvas","meta":{"footnotes":""},"class_list":["post-1966","page","type-page","status-publish","hentry"],"_links":{"self":[{"href":"https:\/\/www.galeriebernardbouche.com\/en\/wp-json\/wp\/v2\/pages\/1966","targetHints":{"allow":["GET"]}}],"collection":[{"href":"https:\/\/www.galeriebernardbouche.com\/en\/wp-json\/wp\/v2\/pages"}],"about":[{"href":"https:\/\/www.galeriebernardbouche.com\/en\/wp-json\/wp\/v2\/types\/page"}],"author":[{"embeddable":true,"href":"https:\/\/www.galeriebernardbouche.com\/en\/wp-json\/wp\/v2\/users\/1"}],"replies":[{"embeddable":true,"href":"https:\/\/www.galeriebernardbouche.com\/en\/wp-json\/wp\/v2\/comments?post=1966"}],"version-history":[{"count":12,"href":"https:\/\/www.galeriebernardbouche.com\/en\/wp-json\/wp\/v2\/pages\/1966\/revisions"}],"predecessor-version":[{"id":2424,"href":"https:\/\/www.galeriebernardbouche.com\/en\/wp-json\/wp\/v2\/pages\/1966\/revisions\/2424"}],"wp:attachment":[{"href":"https:\/\/www.galeriebernardbouche.com\/en\/wp-json\/wp\/v2\/media?parent=1966"}],"curies":[{"name":"wp","href":"https:\/\/api.w.org\/{rel}","templated":true}]}}