{"id":1997,"date":"2022-05-29T17:13:06","date_gmt":"2022-05-29T15:13:06","guid":{"rendered":"https:\/\/www.galeriebernardbouche.com\/?page_id=1997"},"modified":"2023-04-01T12:10:35","modified_gmt":"2023-04-01T10:10:35","slug":"expo-emanuele-becheri-08-10-2020","status":"publish","type":"page","link":"https:\/\/www.galeriebernardbouche.com\/en\/expo-emanuele-becheri-08-10-2020\/","title":{"rendered":"EXPO EMANUELE BECHERI 08.10.2020"},"content":{"rendered":"<div data-elementor-type=\"wp-post\" data-elementor-id=\"1997\" class=\"elementor elementor-1997\">\n\t\t\t\t\t\t<section class=\"elementor-section elementor-top-section elementor-element elementor-element-4d266d7 elementor-section-content-middle elementor-section-full_width elementor-section-height-min-height elementor-section-height-default elementor-section-items-middle wpr-particle-no wpr-jarallax-no wpr-parallax-no wpr-equal-height-no\" data-id=\"4d266d7\" data-element_type=\"section\" data-e-type=\"section\" data-settings=\"{&quot;background_background&quot;:&quot;classic&quot;,&quot;animation_tablet&quot;:&quot;fadeIn&quot;}\">\n\t\t\t\t\t\t<div class=\"elementor-container elementor-column-gap-default\">\n\t\t\t\t\t<div class=\"elementor-column elementor-col-50 elementor-top-column elementor-element elementor-element-3464e21\" data-id=\"3464e21\" data-element_type=\"column\" data-e-type=\"column\">\n\t\t\t<div class=\"elementor-widget-wrap elementor-element-populated\">\n\t\t\t\t\t\t<div class=\"elementor-element elementor-element-55f2e05 elementor-widget elementor-widget-heading\" data-id=\"55f2e05\" data-element_type=\"widget\" data-e-type=\"widget\" data-widget_type=\"heading.default\">\n\t\t\t\t<div class=\"elementor-widget-container\">\n\t\t\t\t\t<h3 class=\"elementor-heading-title elementor-size-small\"><a href=\"https:\/\/www.galeriebernardbouche.com\/en\/\">GALERIE BERNARD BOUCHE<\/a><\/h3>\t\t\t\t<\/div>\n\t\t\t\t<\/div>\n\t\t\t\t\t<\/div>\n\t\t<\/div>\n\t\t\t\t<div class=\"elementor-column elementor-col-50 elementor-top-column elementor-element elementor-element-49fd045\" data-id=\"49fd045\" data-element_type=\"column\" data-e-type=\"column\" data-settings=\"{&quot;animation_mobile&quot;:&quot;fadeIn&quot;}\">\n\t\t\t<div class=\"elementor-widget-wrap elementor-element-populated\">\n\t\t\t\t\t\t<div class=\"elementor-element elementor-element-7dd228c elementor-widget elementor-widget-ekit-nav-menu\" data-id=\"7dd228c\" data-element_type=\"widget\" data-e-type=\"widget\" data-widget_type=\"ekit-nav-menu.default\">\n\t\t\t\t<div class=\"elementor-widget-container\">\n\t\t\t\t\t\t\t<nav class=\"ekit-wid-con ekit_menu_responsive_tablet\"\n\t\t\tdata-hamburger-icon=\"\"\n\t\t\tdata-hamburger-icon-type=\"icon\"\n\t\t\tdata-responsive-breakpoint=\"1024\">\n\t\t\t            <button class=\"elementskit-menu-hamburger elementskit-menu-toggler\"  type=\"button\" aria-label=\"hamburger-icon\">\n                                    <span class=\"elementskit-menu-hamburger-icon\"><\/span><span class=\"elementskit-menu-hamburger-icon\"><\/span><span class=\"elementskit-menu-hamburger-icon\"><\/span>\n                            <\/button>\n            <div id=\"ekit-megamenu-menu-principal\" class=\"elementskit-menu-container elementskit-menu-offcanvas-elements elementskit-navbar-nav-default ekit-nav-menu-one-page-yes ekit-nav-dropdown-hover\"><ul id=\"menu-menu-principal\" class=\"elementskit-navbar-nav elementskit-menu-po-right submenu-click-on-icon\"><li id=\"menu-item-71\" class=\"menu-item menu-item-type-custom menu-item-object-custom menu-item-has-children menu-item-71 nav-item elementskit-dropdown-has relative_position elementskit-dropdown-menu-default_width elementskit-mobile-builder-content\" data-vertical-menu=\"750px\"><a href=\"https:\/\/www.galeriebernardbouche.com\/en\/\" class=\"ekit-menu-nav-link ekit-menu-dropdown-toggle\">EXHIBITIONS<i aria-hidden=\"true\" class=\"icon icon-down-arrow1 elementskit-submenu-indicator\"><\/i><\/a>\n<ul class=\"elementskit-dropdown elementskit-submenu-panel\">\n\t<li id=\"menu-item-917\" class=\"menu-item menu-item-type-post_type menu-item-object-page menu-item-917 nav-item elementskit-mobile-builder-content\" data-vertical-menu=\"750px\"><a href=\"https:\/\/www.galeriebernardbouche.com\/en\/exposition-en-cours\/\" class=\"dropdown-item\">CURRENT EXHIBITION<\/a>\t<li id=\"menu-item-5665\" class=\"menu-item menu-item-type-post_type menu-item-object-page menu-item-5665 nav-item elementskit-mobile-builder-content\" data-vertical-menu=\"750px\"><a href=\"https:\/\/www.galeriebernardbouche.com\/en\/expositions-a-venir\/\" class=\"dropdown-item\">UPCOMING EXHIBITION<\/a>\t<li id=\"menu-item-2629\" class=\"menu-item menu-item-type-post_type menu-item-object-page menu-item-2629 nav-item elementskit-mobile-builder-content\" data-vertical-menu=\"750px\"><a href=\"https:\/\/www.galeriebernardbouche.com\/en\/expositions-passees\/\" class=\"dropdown-item\">PAST EXHIBITIONS<\/a><\/ul>\n<\/li>\n<li id=\"menu-item-2815\" class=\"menu-item menu-item-type-post_type menu-item-object-page menu-item-2815 nav-item elementskit-mobile-builder-content\" data-vertical-menu=\"750px\"><a href=\"https:\/\/www.galeriebernardbouche.com\/en\/artistes\/\" class=\"ekit-menu-nav-link\">ARTISTS<\/a><\/li>\n<li id=\"menu-item-907\" class=\"menu-item menu-item-type-post_type menu-item-object-page menu-item-907 nav-item elementskit-mobile-builder-content\" data-vertical-menu=\"750px\"><a href=\"https:\/\/www.galeriebernardbouche.com\/en\/contact\/\" class=\"ekit-menu-nav-link\">CONTACT<\/a><\/li>\n<li id=\"menu-item-904\" class=\"trp-language-switcher-container menu-item menu-item-type-post_type menu-item-object-language_switcher current-language-menu-item menu-item-904 nav-item elementskit-mobile-builder-content\" data-vertical-menu=\"750px\"><a href=\"https:\/\/www.galeriebernardbouche.com\/en\/wp-json\/wp\/v2\/pages\/1997\" class=\"ekit-menu-nav-link\"><span data-no-translation><span class=\"trp-ls-language-name\">FR<\/span><\/span><\/a><\/li>\n<li id=\"menu-item-903\" class=\"trp-language-switcher-container menu-item menu-item-type-post_type menu-item-object-language_switcher current-language-menu-item menu-item-903 nav-item elementskit-mobile-builder-content\" data-vertical-menu=\"750px\"><a href=\"https:\/\/www.galeriebernardbouche.com\/en\/wp-json\/wp\/v2\/pages\/1997\" class=\"ekit-menu-nav-link\"><span data-no-translation><span class=\"trp-ls-language-name\">EN<\/span><\/span><\/a><\/li>\n<\/ul><div class=\"elementskit-nav-identity-panel\"><button class=\"elementskit-menu-close elementskit-menu-toggler\" type=\"button\">X<\/button><\/div><\/div>\n\t\t\t<div class=\"elementskit-menu-overlay elementskit-menu-offcanvas-elements elementskit-menu-toggler ekit-nav-menu--overlay\"><\/div>        <\/nav>\n\t\t\t\t\t\t<\/div>\n\t\t\t\t<\/div>\n\t\t\t\t\t<\/div>\n\t\t<\/div>\n\t\t\t\t\t<\/div>\n\t\t<\/section>\n\t\t\t\t<section class=\"elementor-section elementor-top-section elementor-element elementor-element-ffeb68b elementor-section-height-min-height elementor-section-full_width elementor-section-height-default elementor-section-items-middle wpr-particle-no wpr-jarallax-no wpr-parallax-no wpr-sticky-section-no wpr-equal-height-no elementor-invisible\" data-id=\"ffeb68b\" data-element_type=\"section\" data-e-type=\"section\" data-settings=\"{&quot;animation&quot;:&quot;fadeIn&quot;,&quot;background_background&quot;:&quot;classic&quot;}\">\n\t\t\t\t\t\t<div class=\"elementor-container elementor-column-gap-default\">\n\t\t\t\t\t<div class=\"elementor-column elementor-col-100 elementor-top-column elementor-element elementor-element-3b21296 elementor-invisible\" data-id=\"3b21296\" data-element_type=\"column\" data-e-type=\"column\" data-settings=\"{&quot;animation&quot;:&quot;fadeIn&quot;}\">\n\t\t\t<div class=\"elementor-widget-wrap elementor-element-populated\">\n\t\t\t\t\t\t<div class=\"elementor-element elementor-element-40babef elementor-widget elementor-widget-heading\" data-id=\"40babef\" data-element_type=\"widget\" data-e-type=\"widget\" data-widget_type=\"heading.default\">\n\t\t\t\t<div class=\"elementor-widget-container\">\n\t\t\t\t\t<h2 class=\"elementor-heading-title elementor-size-default\">PAST EXHIBITIONS<\/h2>\t\t\t\t<\/div>\n\t\t\t\t<\/div>\n\t\t\t\t\t<\/div>\n\t\t<\/div>\n\t\t\t\t\t<\/div>\n\t\t<\/section>\n\t\t\t\t<section class=\"elementor-section elementor-top-section elementor-element elementor-element-4656bd8 elementor-section-height-min-height animated-slow elementor-section-full_width elementor-section-items-top elementor-reverse-mobile elementor-section-height-default wpr-particle-no wpr-jarallax-no wpr-parallax-no wpr-sticky-section-no wpr-equal-height-no elementor-invisible\" data-id=\"4656bd8\" data-element_type=\"section\" data-e-type=\"section\" data-settings=\"{&quot;background_background&quot;:&quot;classic&quot;,&quot;animation&quot;:&quot;fadeIn&quot;}\">\n\t\t\t\t\t\t<div class=\"elementor-container elementor-column-gap-default\">\n\t\t\t\t\t<div class=\"elementor-column elementor-col-50 elementor-top-column elementor-element elementor-element-6288b15\" data-id=\"6288b15\" data-element_type=\"column\" data-e-type=\"column\">\n\t\t\t<div class=\"elementor-widget-wrap elementor-element-populated\">\n\t\t\t\t\t\t<div class=\"elementor-element elementor-element-dc8a5df elementor-widget elementor-widget-text-editor\" data-id=\"dc8a5df\" data-element_type=\"widget\" data-e-type=\"widget\" data-widget_type=\"text-editor.default\">\n\t\t\t\t<div class=\"elementor-widget-container\">\n\t\t\t\t\t\t\t\t\t<p>EMANUELE BECHERI<\/p><p>08 OCTOBER \u2013 21 NOVEMBER 2020<\/p>\t\t\t\t\t\t\t\t<\/div>\n\t\t\t\t<\/div>\n\t\t\t\t<div class=\"elementor-element elementor-element-313929e elementor-widget elementor-widget-text-editor\" data-id=\"313929e\" data-element_type=\"widget\" data-e-type=\"widget\" data-widget_type=\"text-editor.default\">\n\t\t\t\t<div class=\"elementor-widget-container\">\n\t\t\t\t\t\t\t\t\t<p>The gallery is pleased to present an exhibition of recent works by Emanuele Becheri.<\/p><p>Emanuele Becheri (Prato, 1973), has always been interested in drawing, which he studied in different languages - experiences of drawing in total darkness, then through photography, video and music, and finally through sculpture and terracotta. The relationship between drawing and sculpture is not a concept but, according to Becheri, a reverberation. There is a resonant relationship - which we feel mainly in terracotta, a tension in the gesture, a vibration of the line, a complicity where certain details in the drawing resonate in the sculpture as certain details in the sculpture resonate in the drawing.<\/p><p>From his abstract, monochromatic forms, Emanuele Becheri seeks light, in sculpture, what he also sought in his older works in drawing. It would be deceptive to see in it a reminiscence of the works of Old Masters. If you ask him about a dialogue he would have with the great masters in his sculpture, Becheri answers: \"In 2016, in the group exhibition The Lasting at the Galleria Nazionale di Roma, I found myself with one of my works (Shining, 2007, luminescent burrs of snails sculpting a black background for the photographic backgrounds) next to Impression de Boulevard and Ecce Puer de Medardo Rosso. That was the first spark. Later, in the exhibition De Scultura, curated by Saretto Cincinelli, at Casa Masaccio (2018), I showed my terracotta for the first time, creating a t\u00eate-\u00e0-t\u00eate with what was beginning to affect me more and more closely, a game of glances, revisions, tracking, the unique and rare possibility of visiting my works several times in rooms strictly wanted and shared with certain masters, imagining to find roots that only the real presence of the sculptures in a common space could conflict and reveal, something similar to the desire for possession, to the transmission of blood.\"<\/p><p>Emanuele Becheri's latest personal exhibition, Sculture e disegni, curated by art critics Sergio Risaliti and Saretto Cincinelli, recently took place at Museo Novecento in Florence. The catalogue of the latter is to be released at the end of 2020. Among his latest group shows, one could mention Ragione e Sentimento at Galleria Nazionale d'Arte e Moderna e Contemporanea curated by Chiara Stefani and Massimo Mininni in 2019 as well as the exhibitions Videos from the Collection of the Galleria Nazionale d'Arte e Moderna e Contemporanea at the National Museum of Contemporary Art, Athens and De scultura, Casa Masaccio Centro per l'Arte Contemporanea, San Giovanni Valdarno that both occured in 2018.<\/p><p><a href=\"https:\/\/sculptureforum.net\/2020\/10\/07\/handling-sculpture-emanuele-becheris-creatures-in-clay\/\">Handling Sculpture: Emanuele Becheri\u2019s Creatures in&nbsp;Clay<\/a><\/p>\t\t\t\t\t\t\t\t<\/div>\n\t\t\t\t<\/div>\n\t\t\t\t\t<\/div>\n\t\t<\/div>\n\t\t\t\t<div class=\"elementor-column elementor-col-50 elementor-top-column elementor-element elementor-element-a1365fb\" data-id=\"a1365fb\" data-element_type=\"column\" data-e-type=\"column\">\n\t\t\t<div class=\"elementor-widget-wrap elementor-element-populated\">\n\t\t\t\t\t\t\t<\/div>\n\t\t<\/div>\n\t\t\t\t\t<\/div>\n\t\t<\/section>\n\t\t\t\t<section class=\"elementor-section elementor-top-section elementor-element elementor-element-1217168 elementor-section-height-min-height elementor-section-boxed elementor-section-height-default elementor-section-items-middle wpr-particle-no wpr-jarallax-no wpr-parallax-no wpr-sticky-section-no wpr-equal-height-no\" data-id=\"1217168\" data-element_type=\"section\" data-e-type=\"section\" data-settings=\"{&quot;background_background&quot;:&quot;classic&quot;}\">\n\t\t\t\t\t\t<div class=\"elementor-container elementor-column-gap-default\">\n\t\t\t\t\t<div class=\"elementor-column elementor-col-100 elementor-top-column elementor-element elementor-element-4d82be7\" data-id=\"4d82be7\" data-element_type=\"column\" data-e-type=\"column\">\n\t\t\t<div class=\"elementor-widget-wrap elementor-element-populated\">\n\t\t\t\t\t\t<div class=\"elementor-element elementor-element-3c921ec elementor-widget elementor-widget-spacer\" data-id=\"3c921ec\" data-element_type=\"widget\" data-e-type=\"widget\" data-widget_type=\"spacer.default\">\n\t\t\t\t<div class=\"elementor-widget-container\">\n\t\t\t\t\t\t\t<div class=\"elementor-spacer\">\n\t\t\t<div class=\"elementor-spacer-inner\"><\/div>\n\t\t<\/div>\n\t\t\t\t\t\t<\/div>\n\t\t\t\t<\/div>\n\t\t\t\t\t<\/div>\n\t\t<\/div>\n\t\t\t\t\t<\/div>\n\t\t<\/section>\n\t\t\t\t<section class=\"elementor-section elementor-top-section elementor-element elementor-element-821e763 elementor-section-full_width elementor-section-height-default elementor-section-height-default wpr-particle-no wpr-jarallax-no wpr-parallax-no wpr-sticky-section-no wpr-equal-height-no\" data-id=\"821e763\" data-element_type=\"section\" data-e-type=\"section\">\n\t\t\t\t\t\t<div class=\"elementor-container elementor-column-gap-no\">\n\t\t\t\t\t<div class=\"elementor-column elementor-col-100 elementor-top-column elementor-element elementor-element-56a9d5f\" data-id=\"56a9d5f\" data-element_type=\"column\" data-e-type=\"column\">\n\t\t\t<div class=\"elementor-widget-wrap elementor-element-populated\">\n\t\t\t\t\t\t<div class=\"elementor-element elementor-element-fd49185 elementor-widget-divider--view-line elementor-widget elementor-widget-divider\" data-id=\"fd49185\" data-element_type=\"widget\" data-e-type=\"widget\" data-widget_type=\"divider.default\">\n\t\t\t\t<div class=\"elementor-widget-container\">\n\t\t\t\t\t\t\t<div class=\"elementor-divider\">\n\t\t\t<span class=\"elementor-divider-separator\">\n\t\t\t\t\t\t<\/span>\n\t\t<\/div>\n\t\t\t\t\t\t<\/div>\n\t\t\t\t<\/div>\n\t\t\t\t<section class=\"elementor-section elementor-inner-section elementor-element elementor-element-c18638d elementor-section-full_width elementor-section-height-default elementor-section-height-default wpr-particle-no wpr-jarallax-no wpr-parallax-no wpr-sticky-section-no wpr-equal-height-no\" data-id=\"c18638d\" data-element_type=\"section\" data-e-type=\"section\">\n\t\t\t\t\t\t<div class=\"elementor-container elementor-column-gap-default\">\n\t\t\t\t\t<div class=\"elementor-column elementor-col-50 elementor-inner-column elementor-element elementor-element-74007c9\" data-id=\"74007c9\" data-element_type=\"column\" data-e-type=\"column\">\n\t\t\t<div class=\"elementor-widget-wrap elementor-element-populated\">\n\t\t\t\t\t\t<div class=\"elementor-element elementor-element-27d1552 elementor-widget elementor-widget-text-editor\" data-id=\"27d1552\" data-element_type=\"widget\" data-e-type=\"widget\" data-widget_type=\"text-editor.default\">\n\t\t\t\t<div class=\"elementor-widget-container\">\n\t\t\t\t\t\t\t\t\t<p>\u00a92022 All rights reserved Galerie Bernard Bouche<br \/><a href=\"https:\/\/www.galeriebernardbouche.com\/en\/mentions-legales\/\">Legal mentions<\/a> &#8211; <a href=\"https:\/\/www.galeriebernardbouche.com\/en\/politique-de-confidentialite\/\">Politique de confidentialit\u00e9<\/a><\/p>\t\t\t\t\t\t\t\t<\/div>\n\t\t\t\t<\/div>\n\t\t\t\t\t<\/div>\n\t\t<\/div>\n\t\t\t\t<div class=\"elementor-column elementor-col-50 elementor-inner-column elementor-element elementor-element-5c65361\" data-id=\"5c65361\" data-element_type=\"column\" data-e-type=\"column\">\n\t\t\t<div class=\"elementor-widget-wrap elementor-element-populated\">\n\t\t\t\t\t\t<div class=\"elementor-element elementor-element-454c387 elementor-view-default elementor-widget elementor-widget-icon\" data-id=\"454c387\" data-element_type=\"widget\" data-e-type=\"widget\" data-widget_type=\"icon.default\">\n\t\t\t\t<div class=\"elementor-widget-container\">\n\t\t\t\t\t\t\t<div class=\"elementor-icon-wrapper\">\n\t\t\t<a class=\"elementor-icon\" href=\"https:\/\/www.instagram.com\/galeriebernardbouche\/?hl=fr\">\n\t\t\t<i aria-hidden=\"true\" class=\"fab fa-instagram\"><\/i>\t\t\t<\/a>\n\t\t<\/div>\n\t\t\t\t\t\t<\/div>\n\t\t\t\t<\/div>\n\t\t\t\t\t<\/div>\n\t\t<\/div>\n\t\t\t\t\t<\/div>\n\t\t<\/section>\n\t\t\t\t\t<\/div>\n\t\t<\/div>\n\t\t\t\t\t<\/div>\n\t\t<\/section>\n\t\t\t\t<\/div>","protected":false},"excerpt":{"rendered":"<p>GALERIE BERNARD BOUCHE Expositions EXPOSITION EN COURS EXPOSITIONS PASS\u00c9ES ARTISTES CONTACT FR EN X EXPOSITIONS PASS\u00c9ES EMANUELE BECHERI 08 OCTOBRE \u2013 21 NOVEMBRE 2020 La galerie a le plaisir de pr\u00e9senter \u00e0 partir du jeudi 8 octobre, une exposition de travaux r\u00e9cents d&rsquo;Emanuele Becheri. Emanuele Becheri s&rsquo;est toujours int\u00e9ress\u00e9 au dessin qu&rsquo;il a \u00e9tudi\u00e9 sous diff\u00e9rents langages &#8211; exp\u00e9riences du dessin dans l&rsquo;obscurit\u00e9 totale, puis \u00e0 travers la photographie, la vid\u00e9o et la musique, enfin par la sculpture, la terre cuite. La relation entre le dessin et la sculpture n&rsquo;est pas un concept mais, selon Becheri, une r\u00e9verb\u00e9ration. Il y a une relation de r\u00e9sonance &#8211; que l&rsquo;on ressent principalement dans la terre cuite, une tension dans le geste, une vibration du trait, une complicit\u00e9 o\u00f9 certains d\u00e9tails du dessin r\u00e9sonnent dans la sculpture comme certains d\u00e9tails en sculpture r\u00e9sonnent dans le dessin. De ses formes abstraites, monochromes, Emanuele Becheri recherche la lumi\u00e8re, en sculpture, ce qu&rsquo;il recherchait aussi dans ses travaux plus anciens, dans le dessin. D&rsquo;y voir une r\u00e9miniscence de travaux d&rsquo;anciens ma\u00eetres serait trompeur. Si vous lui posez la question d&rsquo;un dialogue qu&rsquo;il aurait dans sa sculpture avec les grands ma\u00eetres, Becheri vous r\u00e9pond: \u00ab\u00a0En 2016, dans l&rsquo;exposition collective\u00a0The Lasting\u00a0\u00e0 la Galleria Nazionale di Roma, je me suis retrouv\u00e9 avec une de mes \u0153uvres (Shining, 2007, bavures luminescentes d&rsquo;escargots sculptant un fond noir pour les fonds photographiques)\u00a0\u00e0 c\u00f4t\u00e9 de\u00a0Impression de Boulevard\u00a0et\u00a0Ecce Puer\u00a0de Medardo Rosso. C&rsquo;\u00e9tait la premi\u00e8re \u00e9tincelle. Et plus tard, dans l&rsquo;exposition\u00a0De Scultura,\u00a0dont le commissaire est Saretto Cincinelli, \u00e0 la Casa Masaccio (2018), j&rsquo;ai montr\u00e9 pour la premi\u00e8re fois mes terres cuites,\u00a0cr\u00e9ant un t\u00eate-\u00e0-t\u00eate avec ce qui commen\u00e7ait \u00e0 m&rsquo;int\u00e9resser de plus en plus \u00e9troitement\u00a0; un jeu de regards, de r\u00e9visions, de traque, la possibilit\u00e9 unique et rare de voir plusieurs fois mes \u0153uvres dans des salles strictement voulues et partag\u00e9es avec des ma\u00eetres anciens,\u00a0en imaginant de trouver des racines que seule la pr\u00e9sence r\u00e9elle des sculptures, dans cet espace commun, pouvait r\u00e9v\u00e9ler.\u00a0\u00bb Emanuele Becheri (Prato, 1973), vient d\u2019avoir une exposition personnelle au Museo Novecento, \u00e0 Florence, Sculture e disegni, dont les curateurs sont les critiques Sergio Risaliti et Saretto Cincinelli. Un catalogue sera publi\u00e9 en fin 2020. Parmi ses r\u00e9centes expositions collectives, mentionnons celle de 2019 Ragione e Sentimento \u00e0 la Galleria Nazionale d&rsquo;Arte Moderna e Contemporanea, dont les curateus \u00e9taient Chiara Stefani et Massimo Mininni, puis celles de 2018 Video from the Collection of the Galleria Nazionale d&rsquo;Arte e Moderna e Contemporanea au E.M.S.T National Museum of Contemporary Art, Athens, et De scultura, Casa Masaccio Centro per l&rsquo;Arte Contemporanea, San Giovanni Valdarno. Handling Sculpture: Emanuele Becheri\u2019s Creatures in&nbsp;Clay \u00a92022 All rights reserved Galerie Bernard BoucheMentions l\u00e9gales &#8211; Politique de confidentialit\u00e9<\/p>","protected":false},"author":1,"featured_media":0,"parent":0,"menu_order":85,"comment_status":"closed","ping_status":"closed","template":"elementor_canvas","meta":{"footnotes":""},"class_list":["post-1997","page","type-page","status-publish","hentry"],"_links":{"self":[{"href":"https:\/\/www.galeriebernardbouche.com\/en\/wp-json\/wp\/v2\/pages\/1997","targetHints":{"allow":["GET"]}}],"collection":[{"href":"https:\/\/www.galeriebernardbouche.com\/en\/wp-json\/wp\/v2\/pages"}],"about":[{"href":"https:\/\/www.galeriebernardbouche.com\/en\/wp-json\/wp\/v2\/types\/page"}],"author":[{"embeddable":true,"href":"https:\/\/www.galeriebernardbouche.com\/en\/wp-json\/wp\/v2\/users\/1"}],"replies":[{"embeddable":true,"href":"https:\/\/www.galeriebernardbouche.com\/en\/wp-json\/wp\/v2\/comments?post=1997"}],"version-history":[{"count":13,"href":"https:\/\/www.galeriebernardbouche.com\/en\/wp-json\/wp\/v2\/pages\/1997\/revisions"}],"predecessor-version":[{"id":2022,"href":"https:\/\/www.galeriebernardbouche.com\/en\/wp-json\/wp\/v2\/pages\/1997\/revisions\/2022"}],"wp:attachment":[{"href":"https:\/\/www.galeriebernardbouche.com\/en\/wp-json\/wp\/v2\/media?parent=1997"}],"curies":[{"name":"wp","href":"https:\/\/api.w.org\/{rel}","templated":true}]}}