{"id":2235,"date":"2022-05-31T14:39:19","date_gmt":"2022-05-31T12:39:19","guid":{"rendered":"https:\/\/www.galeriebernardbouche.com\/?page_id=2235"},"modified":"2023-04-01T12:10:37","modified_gmt":"2023-04-01T10:10:37","slug":"expo-bernard-rudiger-05-2016","status":"publish","type":"page","link":"https:\/\/www.galeriebernardbouche.com\/en\/expo-bernard-rudiger-05-2016\/","title":{"rendered":"EXPO BERNARD R\u00dcDIGER 05.2016"},"content":{"rendered":"<div data-elementor-type=\"wp-post\" data-elementor-id=\"2235\" class=\"elementor elementor-2235\">\n\t\t\t\t\t\t<section class=\"elementor-section elementor-top-section elementor-element elementor-element-4d266d7 elementor-section-content-middle elementor-section-full_width elementor-section-height-min-height elementor-section-height-default elementor-section-items-middle wpr-particle-no wpr-jarallax-no wpr-parallax-no wpr-equal-height-no\" data-id=\"4d266d7\" data-element_type=\"section\" data-e-type=\"section\" data-settings=\"{&quot;background_background&quot;:&quot;classic&quot;,&quot;animation_tablet&quot;:&quot;fadeIn&quot;}\">\n\t\t\t\t\t\t<div class=\"elementor-container elementor-column-gap-default\">\n\t\t\t\t\t<div class=\"elementor-column elementor-col-50 elementor-top-column elementor-element elementor-element-3464e21\" data-id=\"3464e21\" data-element_type=\"column\" data-e-type=\"column\">\n\t\t\t<div class=\"elementor-widget-wrap elementor-element-populated\">\n\t\t\t\t\t\t<div class=\"elementor-element elementor-element-55f2e05 elementor-widget elementor-widget-heading\" data-id=\"55f2e05\" data-element_type=\"widget\" data-e-type=\"widget\" data-widget_type=\"heading.default\">\n\t\t\t\t<div class=\"elementor-widget-container\">\n\t\t\t\t\t<h3 class=\"elementor-heading-title elementor-size-small\"><a href=\"https:\/\/www.galeriebernardbouche.com\/en\/\">GALERIE BERNARD BOUCHE<\/a><\/h3>\t\t\t\t<\/div>\n\t\t\t\t<\/div>\n\t\t\t\t\t<\/div>\n\t\t<\/div>\n\t\t\t\t<div class=\"elementor-column elementor-col-50 elementor-top-column elementor-element elementor-element-49fd045\" data-id=\"49fd045\" data-element_type=\"column\" data-e-type=\"column\" data-settings=\"{&quot;animation_mobile&quot;:&quot;fadeIn&quot;}\">\n\t\t\t<div class=\"elementor-widget-wrap elementor-element-populated\">\n\t\t\t\t\t\t<div class=\"elementor-element elementor-element-7dd228c elementor-widget elementor-widget-ekit-nav-menu\" data-id=\"7dd228c\" data-element_type=\"widget\" data-e-type=\"widget\" data-widget_type=\"ekit-nav-menu.default\">\n\t\t\t\t<div class=\"elementor-widget-container\">\n\t\t\t\t\t\t\t<nav class=\"ekit-wid-con ekit_menu_responsive_tablet\"\n\t\t\tdata-hamburger-icon=\"\"\n\t\t\tdata-hamburger-icon-type=\"icon\"\n\t\t\tdata-responsive-breakpoint=\"1024\">\n\t\t\t            <button class=\"elementskit-menu-hamburger elementskit-menu-toggler\"  type=\"button\" aria-label=\"hamburger-icon\">\n                                    <span class=\"elementskit-menu-hamburger-icon\"><\/span><span class=\"elementskit-menu-hamburger-icon\"><\/span><span class=\"elementskit-menu-hamburger-icon\"><\/span>\n                            <\/button>\n            <div id=\"ekit-megamenu-menu-principal\" class=\"elementskit-menu-container elementskit-menu-offcanvas-elements elementskit-navbar-nav-default ekit-nav-menu-one-page-yes ekit-nav-dropdown-hover\"><ul id=\"menu-menu-principal\" class=\"elementskit-navbar-nav elementskit-menu-po-right submenu-click-on-icon\"><li id=\"menu-item-71\" class=\"menu-item menu-item-type-custom menu-item-object-custom menu-item-has-children menu-item-71 nav-item elementskit-dropdown-has relative_position elementskit-dropdown-menu-default_width elementskit-mobile-builder-content\" data-vertical-menu=\"750px\"><a href=\"https:\/\/www.galeriebernardbouche.com\/en\/\" class=\"ekit-menu-nav-link ekit-menu-dropdown-toggle\">EXHIBITIONS<i aria-hidden=\"true\" class=\"icon icon-down-arrow1 elementskit-submenu-indicator\"><\/i><\/a>\n<ul class=\"elementskit-dropdown elementskit-submenu-panel\">\n\t<li id=\"menu-item-917\" class=\"menu-item menu-item-type-post_type menu-item-object-page menu-item-917 nav-item elementskit-mobile-builder-content\" data-vertical-menu=\"750px\"><a href=\"https:\/\/www.galeriebernardbouche.com\/en\/exposition-en-cours\/\" class=\"dropdown-item\">CURRENT EXHIBITION<\/a>\t<li id=\"menu-item-5665\" class=\"menu-item menu-item-type-post_type menu-item-object-page menu-item-5665 nav-item elementskit-mobile-builder-content\" data-vertical-menu=\"750px\"><a href=\"https:\/\/www.galeriebernardbouche.com\/en\/expositions-a-venir\/\" class=\"dropdown-item\">UPCOMING EXHIBITION<\/a>\t<li id=\"menu-item-2629\" class=\"menu-item menu-item-type-post_type menu-item-object-page menu-item-2629 nav-item elementskit-mobile-builder-content\" data-vertical-menu=\"750px\"><a href=\"https:\/\/www.galeriebernardbouche.com\/en\/expositions-passees\/\" class=\"dropdown-item\">PAST EXHIBITIONS<\/a><\/ul>\n<\/li>\n<li id=\"menu-item-2815\" class=\"menu-item menu-item-type-post_type menu-item-object-page menu-item-2815 nav-item elementskit-mobile-builder-content\" data-vertical-menu=\"750px\"><a href=\"https:\/\/www.galeriebernardbouche.com\/en\/artistes\/\" class=\"ekit-menu-nav-link\">ARTISTS<\/a><\/li>\n<li id=\"menu-item-907\" class=\"menu-item menu-item-type-post_type menu-item-object-page menu-item-907 nav-item elementskit-mobile-builder-content\" data-vertical-menu=\"750px\"><a href=\"https:\/\/www.galeriebernardbouche.com\/en\/contact\/\" class=\"ekit-menu-nav-link\">CONTACT<\/a><\/li>\n<li id=\"menu-item-904\" class=\"trp-language-switcher-container menu-item menu-item-type-post_type menu-item-object-language_switcher current-language-menu-item menu-item-904 nav-item elementskit-mobile-builder-content\" data-vertical-menu=\"750px\"><a href=\"https:\/\/www.galeriebernardbouche.com\/en\/wp-json\/wp\/v2\/pages\/2235\" class=\"ekit-menu-nav-link\"><span data-no-translation><span class=\"trp-ls-language-name\">FR<\/span><\/span><\/a><\/li>\n<li id=\"menu-item-903\" class=\"trp-language-switcher-container menu-item menu-item-type-post_type menu-item-object-language_switcher current-language-menu-item menu-item-903 nav-item elementskit-mobile-builder-content\" data-vertical-menu=\"750px\"><a href=\"https:\/\/www.galeriebernardbouche.com\/en\/wp-json\/wp\/v2\/pages\/2235\" class=\"ekit-menu-nav-link\"><span data-no-translation><span class=\"trp-ls-language-name\">EN<\/span><\/span><\/a><\/li>\n<\/ul><div class=\"elementskit-nav-identity-panel\"><button class=\"elementskit-menu-close elementskit-menu-toggler\" type=\"button\">X<\/button><\/div><\/div>\n\t\t\t<div class=\"elementskit-menu-overlay elementskit-menu-offcanvas-elements elementskit-menu-toggler ekit-nav-menu--overlay\"><\/div>        <\/nav>\n\t\t\t\t\t\t<\/div>\n\t\t\t\t<\/div>\n\t\t\t\t\t<\/div>\n\t\t<\/div>\n\t\t\t\t\t<\/div>\n\t\t<\/section>\n\t\t\t\t<section class=\"elementor-section elementor-top-section elementor-element elementor-element-ffeb68b elementor-section-height-min-height elementor-section-full_width elementor-section-height-default elementor-section-items-middle wpr-particle-no wpr-jarallax-no wpr-parallax-no wpr-sticky-section-no wpr-equal-height-no elementor-invisible\" data-id=\"ffeb68b\" data-element_type=\"section\" data-e-type=\"section\" data-settings=\"{&quot;animation&quot;:&quot;fadeIn&quot;,&quot;background_background&quot;:&quot;classic&quot;}\">\n\t\t\t\t\t\t<div class=\"elementor-container elementor-column-gap-default\">\n\t\t\t\t\t<div class=\"elementor-column elementor-col-100 elementor-top-column elementor-element elementor-element-3b21296 elementor-invisible\" data-id=\"3b21296\" data-element_type=\"column\" data-e-type=\"column\" data-settings=\"{&quot;animation&quot;:&quot;fadeIn&quot;}\">\n\t\t\t<div class=\"elementor-widget-wrap elementor-element-populated\">\n\t\t\t\t\t\t<div class=\"elementor-element elementor-element-40babef elementor-widget elementor-widget-heading\" data-id=\"40babef\" data-element_type=\"widget\" data-e-type=\"widget\" data-widget_type=\"heading.default\">\n\t\t\t\t<div class=\"elementor-widget-container\">\n\t\t\t\t\t<h2 class=\"elementor-heading-title elementor-size-default\">PAST EXHIBITIONS<\/h2>\t\t\t\t<\/div>\n\t\t\t\t<\/div>\n\t\t\t\t\t<\/div>\n\t\t<\/div>\n\t\t\t\t\t<\/div>\n\t\t<\/section>\n\t\t\t\t<section class=\"elementor-section elementor-top-section elementor-element elementor-element-4656bd8 elementor-section-height-min-height animated-slow elementor-section-full_width elementor-section-items-top elementor-reverse-mobile elementor-section-height-default wpr-particle-no wpr-jarallax-no wpr-parallax-no wpr-sticky-section-no wpr-equal-height-no elementor-invisible\" data-id=\"4656bd8\" data-element_type=\"section\" data-e-type=\"section\" data-settings=\"{&quot;background_background&quot;:&quot;classic&quot;,&quot;animation&quot;:&quot;fadeIn&quot;}\">\n\t\t\t\t\t\t<div class=\"elementor-container elementor-column-gap-default\">\n\t\t\t\t\t<div class=\"elementor-column elementor-col-50 elementor-top-column elementor-element elementor-element-6288b15\" data-id=\"6288b15\" data-element_type=\"column\" data-e-type=\"column\">\n\t\t\t<div class=\"elementor-widget-wrap elementor-element-populated\">\n\t\t\t\t\t\t<div class=\"elementor-element elementor-element-dc8a5df elementor-widget elementor-widget-text-editor\" data-id=\"dc8a5df\" data-element_type=\"widget\" data-e-type=\"widget\" data-widget_type=\"text-editor.default\">\n\t\t\t\t<div class=\"elementor-widget-container\">\n\t\t\t\t\t\t\t\t\t<p>BERNARD R\u00dcDIGER<\/p><p>21 MAY \u2013 09 JULY 2016<\/p>\t\t\t\t\t\t\t\t<\/div>\n\t\t\t\t<\/div>\n\t\t\t\t<div class=\"elementor-element elementor-element-313929e elementor-widget elementor-widget-text-editor\" data-id=\"313929e\" data-element_type=\"widget\" data-e-type=\"widget\" data-widget_type=\"text-editor.default\">\n\t\t\t\t<div class=\"elementor-widget-container\">\n\t\t\t\t\t\t\t\t\t<p>Bernard Bouche Gallery is pleased to announce an exhibition of recent works by Bernhard R\u00fcdiger.<\/p><p>Bernhard R\u00fcdiger graduated from the Accademia di Belle Arti in Milan where he was taught by Luciano Fabro. In the early stages of his career, he worked at the Casa degli artisti in Milan, the cultural association dedicated to promoting art, founded in 1981 by Luciano Fabro, Jole de Sanna and Hidetoshi Nagasawa. From 1989 to 1993, he made a key contribution to collaborations among artists such as Liliana Moro, Adriano Trovato ou Mario Air\u00f2, also known for the realisation of experimental collective projects, along with others, they founded the Tiracorrendo review and the artist-run space Lo Spazio di via Lazzaro Palazzi.<\/p><p>Today the artist lives and works in Paris. He currently teaches at the Ecole Nationale Sup\u00e9rieure des Beaux-Arts in Lyon, where he leads the ACTH research unit since 2004. His study on space, sound, physical experience and perception of the body nourishes theoretical reflections on the real life of the \u0153uvre and its historical responsibility. Through a parallel between teaching, writing and creating his art pieces the artist questions the foundations of the notion of form, and, more broadly, its relationship to society and contemporary history.<\/p><p>Assembling together twelve pieces produced during the last twenty years of his artistic career, Bernhard R\u00fcdiger creates a visual atlas of objects, inspired by the historian Aby Warburg\u2019s Atlas Mnemosyne. Every object is independent, but in a way interacts with other components of the atlas, providing new intellectual connections.Since 1992 the artist incorporates such visual maquettes into practice. The Atlas exposed in the current exhibition represents artist\u2019s theoretical reflections on spatiality, equilibrium, logic; his inspirations from the Hiroshima architecture and landscape, resulting a range of antenna-like images and objects which challenge the idea of electrical tension and exchange across the Atlas.<\/p><p>The artist's work has been shown in numerous exhibitions, both in France and abroad, among which the exhibitions: the CCC in Tours (1996), the Abattoirs in Toulouse (1997), The Gallery of Noisy-le-Sec art centre (1999), the Museum of contemporary art of Bologna (1999), the Ch\u00e2teau des Adh\u00e9mar contemporary art centre in Mont\u00e9limar (2006). The artist was invited to participate in group shows at the Museum Modern Kunst in Vienna (1991), the Magasin in Grenoble (1992), the Museum of contemporary art of Caracas in Bogota, Buenos Aires (1992), the Venice Biennale (1993, 1999, 2011), the PS1 in New-York (1999), the Museo d'arte Moderna in Bologna (1999), the Palais des Beaux-arts in Lille (2006), the Quadrennial exhibition in the Rome Palazzo delle Esposizioni (1996, 2008), the Ostrale in Dresden (2013), the Villa Arson in Nice in 2015, as well as to present his work whithin a personal exhibition at the FRAC in Montpellier in 2015.<\/p>\t\t\t\t\t\t\t\t<\/div>\n\t\t\t\t<\/div>\n\t\t\t\t\t<\/div>\n\t\t<\/div>\n\t\t\t\t<div class=\"elementor-column elementor-col-50 elementor-top-column elementor-element elementor-element-a1365fb\" data-id=\"a1365fb\" data-element_type=\"column\" data-e-type=\"column\">\n\t\t\t<div class=\"elementor-widget-wrap elementor-element-populated\">\n\t\t\t\t\t\t\t<\/div>\n\t\t<\/div>\n\t\t\t\t\t<\/div>\n\t\t<\/section>\n\t\t\t\t<section class=\"elementor-section elementor-top-section elementor-element elementor-element-1217168 elementor-section-height-min-height elementor-section-boxed elementor-section-height-default elementor-section-items-middle wpr-particle-no wpr-jarallax-no wpr-parallax-no wpr-sticky-section-no wpr-equal-height-no\" data-id=\"1217168\" data-element_type=\"section\" data-e-type=\"section\" data-settings=\"{&quot;background_background&quot;:&quot;classic&quot;}\">\n\t\t\t\t\t\t<div class=\"elementor-container elementor-column-gap-default\">\n\t\t\t\t\t<div class=\"elementor-column elementor-col-100 elementor-top-column elementor-element elementor-element-4d82be7\" data-id=\"4d82be7\" data-element_type=\"column\" data-e-type=\"column\">\n\t\t\t<div class=\"elementor-widget-wrap elementor-element-populated\">\n\t\t\t\t\t\t<div class=\"elementor-element elementor-element-3c921ec elementor-widget elementor-widget-spacer\" data-id=\"3c921ec\" data-element_type=\"widget\" data-e-type=\"widget\" data-widget_type=\"spacer.default\">\n\t\t\t\t<div class=\"elementor-widget-container\">\n\t\t\t\t\t\t\t<div class=\"elementor-spacer\">\n\t\t\t<div class=\"elementor-spacer-inner\"><\/div>\n\t\t<\/div>\n\t\t\t\t\t\t<\/div>\n\t\t\t\t<\/div>\n\t\t\t\t\t<\/div>\n\t\t<\/div>\n\t\t\t\t\t<\/div>\n\t\t<\/section>\n\t\t\t\t<section class=\"elementor-section elementor-top-section elementor-element elementor-element-821e763 elementor-section-full_width elementor-section-height-default elementor-section-height-default wpr-particle-no wpr-jarallax-no wpr-parallax-no wpr-sticky-section-no wpr-equal-height-no\" data-id=\"821e763\" data-element_type=\"section\" data-e-type=\"section\">\n\t\t\t\t\t\t<div class=\"elementor-container elementor-column-gap-no\">\n\t\t\t\t\t<div class=\"elementor-column elementor-col-100 elementor-top-column elementor-element elementor-element-56a9d5f\" data-id=\"56a9d5f\" data-element_type=\"column\" data-e-type=\"column\">\n\t\t\t<div class=\"elementor-widget-wrap elementor-element-populated\">\n\t\t\t\t\t\t<div class=\"elementor-element elementor-element-fd49185 elementor-widget-divider--view-line elementor-widget elementor-widget-divider\" data-id=\"fd49185\" data-element_type=\"widget\" data-e-type=\"widget\" data-widget_type=\"divider.default\">\n\t\t\t\t<div class=\"elementor-widget-container\">\n\t\t\t\t\t\t\t<div class=\"elementor-divider\">\n\t\t\t<span class=\"elementor-divider-separator\">\n\t\t\t\t\t\t<\/span>\n\t\t<\/div>\n\t\t\t\t\t\t<\/div>\n\t\t\t\t<\/div>\n\t\t\t\t<section class=\"elementor-section elementor-inner-section elementor-element elementor-element-c18638d elementor-section-full_width elementor-section-height-default elementor-section-height-default wpr-particle-no wpr-jarallax-no wpr-parallax-no wpr-sticky-section-no wpr-equal-height-no\" data-id=\"c18638d\" data-element_type=\"section\" data-e-type=\"section\">\n\t\t\t\t\t\t<div class=\"elementor-container elementor-column-gap-default\">\n\t\t\t\t\t<div class=\"elementor-column elementor-col-50 elementor-inner-column elementor-element elementor-element-74007c9\" data-id=\"74007c9\" data-element_type=\"column\" data-e-type=\"column\">\n\t\t\t<div class=\"elementor-widget-wrap elementor-element-populated\">\n\t\t\t\t\t\t<div class=\"elementor-element elementor-element-27d1552 elementor-widget elementor-widget-text-editor\" data-id=\"27d1552\" data-element_type=\"widget\" data-e-type=\"widget\" data-widget_type=\"text-editor.default\">\n\t\t\t\t<div class=\"elementor-widget-container\">\n\t\t\t\t\t\t\t\t\t<p>\u00a92022 All rights reserved Galerie Bernard Bouche<br \/><a href=\"https:\/\/www.galeriebernardbouche.com\/en\/mentions-legales\/\">Legal mentions<\/a> &#8211; <a href=\"https:\/\/www.galeriebernardbouche.com\/en\/politique-de-confidentialite\/\">Politique de confidentialit\u00e9<\/a><\/p>\t\t\t\t\t\t\t\t<\/div>\n\t\t\t\t<\/div>\n\t\t\t\t\t<\/div>\n\t\t<\/div>\n\t\t\t\t<div class=\"elementor-column elementor-col-50 elementor-inner-column elementor-element elementor-element-5c65361\" data-id=\"5c65361\" data-element_type=\"column\" data-e-type=\"column\">\n\t\t\t<div class=\"elementor-widget-wrap elementor-element-populated\">\n\t\t\t\t\t\t<div class=\"elementor-element elementor-element-454c387 elementor-view-default elementor-widget elementor-widget-icon\" data-id=\"454c387\" data-element_type=\"widget\" data-e-type=\"widget\" data-widget_type=\"icon.default\">\n\t\t\t\t<div class=\"elementor-widget-container\">\n\t\t\t\t\t\t\t<div class=\"elementor-icon-wrapper\">\n\t\t\t<a class=\"elementor-icon\" href=\"https:\/\/www.instagram.com\/galeriebernardbouche\/?hl=fr\">\n\t\t\t<i aria-hidden=\"true\" class=\"fab fa-instagram\"><\/i>\t\t\t<\/a>\n\t\t<\/div>\n\t\t\t\t\t\t<\/div>\n\t\t\t\t<\/div>\n\t\t\t\t\t<\/div>\n\t\t<\/div>\n\t\t\t\t\t<\/div>\n\t\t<\/section>\n\t\t\t\t\t<\/div>\n\t\t<\/div>\n\t\t\t\t\t<\/div>\n\t\t<\/section>\n\t\t\t\t<\/div>","protected":false},"excerpt":{"rendered":"<p>GALERIE BERNARD BOUCHE Expositions EXPOSITION EN COURS EXPOSITIONS PASS\u00c9ES ARTISTES CONTACT FR EN X EXPOSITIONS PASS\u00c9ES BERNARD R\u00dcDIGER 21 MAI &#8211; 09 JUILLET 2016 La galerie a le plaisir de proposer du 21 mai au 9 juillet une exposition d&rsquo;\u0153uvres r\u00e9centes de Bernhard R\u00fcdiger. Bernhard R\u00fcdiger est dipl\u00f4m\u00e9 de l&rsquo;Accademia di Belle Arti di Brera \u00e0 Milan o\u00f9 il a suivi l&rsquo;enseignement de Luciano Fabro. \u00c0 ses d\u00e9buts en Italie,\u00a0il travaille \u00e0 La Casa\u00a0degli artisti de Milan,\u00a0un centre de recherche artistique fond\u00e9e en 1981 par Luciano Fabro, Jole de Sanna et Hidetoshi Nagasawa.\u00a0De 1989 \u00e0 1993, il apporte une contribution\u00a0d\u00e9cisive \u00e0 des collaborations entre\u00a0artistes tels que Liliana Moro, Adriano Trovato ou Mario Air\u00f2,\u00a0connus aussi pour la r\u00e9alisation de projets exp\u00e9rimentaux collectifs,\u00a0ils fondent avec d&rsquo;autres la revue Tiracorrendo et\u00a0la galerie d&rsquo;artistes Lo Spazio di Via Lazzaro Palazzi. Il vit et travaille aujourd&rsquo;hui \u00e0 Paris, enseigne \u00e0 l&rsquo;ENSBA de Lyon o\u00f9 il dirige l&rsquo;unit\u00e9 de recherche du CEHTA-EHESS \u00e0 Paris depuis 2004. Son travail sur l\u2019espace, le son, l\u2019exp\u00e9rience physique et perceptive du corps se nourrit d\u2019une r\u00e9flexion th\u00e9orique sur le r\u00e9el de l\u2019\u0153uvre et de sa responsabilit\u00e9 historique. Il questionne, \u00e0 travers un parall\u00e8le entre l\u2019enseignement, ses \u00e9crits et ses productions plastiques, les fondements de la notion de forme, et, plus largement, son rapport \u00e0 la soci\u00e9t\u00e9 et \u00e0 l\u2019histoire contemporaine. En assemblant douze \u0153uvres produites au cours des vingt derni\u00e8res ann\u00e9es, Bernhard R\u00fcdiger cr\u00e9e un atlas visuel des objets, inspir\u00e9 par Atlas Mn\u00e9mosyne de l&rsquo;historien Aby Warburg. Chaque objet est ind\u00e9pendant, mais en quelque sorte interagit avec les autres composants de l&rsquo;atlas, en fournissant de nouvelles relations intellectuelles. L&rsquo;Atlas expos\u00e9 dans l&rsquo;exposition en cours repr\u00e9sente les r\u00e9flexions th\u00e9oriques de l&rsquo;artiste sur la spatialit\u00e9, l&rsquo;\u00e9quilibre, la logique ; ses inspirations de l&rsquo;architecture et du paysage d&rsquo;Hiroshima, r\u00e9sultant d&rsquo;une gamme des images et des objets-antennes mettant en question l&rsquo;id\u00e9e de la tension \u00e9lectrique et l&rsquo;\u00e9change \u00e0 travers l&rsquo;Atlas. Ses \u0153uvres ont \u00e9t\u00e9 montr\u00e9es dans de nombreuses\u00a0expositions,\u00a0tant en France qu&rsquo;\u00e0 l&rsquo;\u00e9tranger parmi lesquelles les expositions du CCC de Tours (1996),\u00a0des Abattoirs de Toulouse (1997), le centre d&rsquo;art La Galerie de Noisy-le-Sec\u00a0(1999),\u00a0le Mus\u00e9e d&rsquo;art contemporain de Bologne (1999), le Ch\u00e2teau des Adh\u00e9mar centre d&rsquo;art contemporain de Mont\u00e9limar (2006). Il a \u00e9t\u00e9 convi\u00e9 \u00e0 des expositions collectives au\u00a0Museum Moderner Kunst de Vienne (1991), au Magasin de Grenoble (1992), au Mus\u00e9e d&rsquo;art contemporain de Caracas, de Bogota, de Buenos Aires (1992) \u00e0 la Biennale de Venise\u00a0(1993, 1999, 2011),\u00a0au PS1 de New-York (1999), au Museo d&rsquo;arte Moderna de Bologna (1999), au Palais des Beaux-arts de Lille (2006), \u00e0 la Quadriennale de Rome Palazzo delle\u00a0Esposizioni\u00a0(1996, 2008),\u00a0\u00e0 l&rsquo;Ostrale de Dresde (2013), Villa Arson \u00e0 Nice en 2015, ainsi qu&rsquo;une exposition personnelle au FRAC Montpellier en 2015. \u00a92022 All rights reserved Galerie Bernard BoucheMentions l\u00e9gales &#8211; Politique de confidentialit\u00e9<\/p>","protected":false},"author":1,"featured_media":0,"parent":0,"menu_order":102,"comment_status":"closed","ping_status":"closed","template":"elementor_canvas","meta":{"footnotes":""},"class_list":["post-2235","page","type-page","status-publish","hentry"],"_links":{"self":[{"href":"https:\/\/www.galeriebernardbouche.com\/en\/wp-json\/wp\/v2\/pages\/2235","targetHints":{"allow":["GET"]}}],"collection":[{"href":"https:\/\/www.galeriebernardbouche.com\/en\/wp-json\/wp\/v2\/pages"}],"about":[{"href":"https:\/\/www.galeriebernardbouche.com\/en\/wp-json\/wp\/v2\/types\/page"}],"author":[{"embeddable":true,"href":"https:\/\/www.galeriebernardbouche.com\/en\/wp-json\/wp\/v2\/users\/1"}],"replies":[{"embeddable":true,"href":"https:\/\/www.galeriebernardbouche.com\/en\/wp-json\/wp\/v2\/comments?post=2235"}],"version-history":[{"count":4,"href":"https:\/\/www.galeriebernardbouche.com\/en\/wp-json\/wp\/v2\/pages\/2235\/revisions"}],"predecessor-version":[{"id":2239,"href":"https:\/\/www.galeriebernardbouche.com\/en\/wp-json\/wp\/v2\/pages\/2235\/revisions\/2239"}],"wp:attachment":[{"href":"https:\/\/www.galeriebernardbouche.com\/en\/wp-json\/wp\/v2\/media?parent=2235"}],"curies":[{"name":"wp","href":"https:\/\/api.w.org\/{rel}","templated":true}]}}