{"id":2345,"date":"2022-06-02T16:11:06","date_gmt":"2022-06-02T14:11:06","guid":{"rendered":"https:\/\/www.galeriebernardbouche.com\/?page_id=2345"},"modified":"2024-12-13T16:35:16","modified_gmt":"2024-12-13T15:35:16","slug":"emanuele-becheri-2","status":"publish","type":"page","link":"https:\/\/www.galeriebernardbouche.com\/en\/emanuele-becheri-2\/","title":{"rendered":"ARTISTE &#8211; EMANUELE BECHERI"},"content":{"rendered":"<div data-elementor-type=\"wp-post\" data-elementor-id=\"2345\" class=\"elementor elementor-2345\">\n\t\t\t\t\t\t<section class=\"elementor-section elementor-top-section elementor-element elementor-element-4d266d7 elementor-section-content-middle elementor-section-full_width elementor-section-height-min-height elementor-section-height-default elementor-section-items-middle wpr-particle-no wpr-jarallax-no wpr-parallax-no wpr-equal-height-no\" data-id=\"4d266d7\" data-element_type=\"section\" data-e-type=\"section\" data-settings=\"{&quot;background_background&quot;:&quot;classic&quot;,&quot;animation_tablet&quot;:&quot;fadeIn&quot;}\">\n\t\t\t\t\t\t<div class=\"elementor-container elementor-column-gap-default\">\n\t\t\t\t\t<div class=\"elementor-column elementor-col-50 elementor-top-column elementor-element elementor-element-3464e21\" data-id=\"3464e21\" data-element_type=\"column\" data-e-type=\"column\">\n\t\t\t<div class=\"elementor-widget-wrap elementor-element-populated\">\n\t\t\t\t\t\t<div class=\"elementor-element elementor-element-55f2e05 elementor-widget elementor-widget-heading\" data-id=\"55f2e05\" data-element_type=\"widget\" data-e-type=\"widget\" data-widget_type=\"heading.default\">\n\t\t\t\t<div class=\"elementor-widget-container\">\n\t\t\t\t\t<h3 class=\"elementor-heading-title elementor-size-small\"><a href=\"https:\/\/www.galeriebernardbouche.com\/en\/\">GALERIE BERNARD BOUCHE<\/a><\/h3>\t\t\t\t<\/div>\n\t\t\t\t<\/div>\n\t\t\t\t\t<\/div>\n\t\t<\/div>\n\t\t\t\t<div class=\"elementor-column elementor-col-50 elementor-top-column elementor-element elementor-element-49fd045\" data-id=\"49fd045\" data-element_type=\"column\" data-e-type=\"column\" data-settings=\"{&quot;animation_mobile&quot;:&quot;fadeIn&quot;}\">\n\t\t\t<div class=\"elementor-widget-wrap elementor-element-populated\">\n\t\t\t\t\t\t<div class=\"elementor-element elementor-element-7dd228c elementor-widget elementor-widget-ekit-nav-menu\" data-id=\"7dd228c\" data-element_type=\"widget\" data-e-type=\"widget\" data-widget_type=\"ekit-nav-menu.default\">\n\t\t\t\t<div class=\"elementor-widget-container\">\n\t\t\t\t\t\t\t<nav class=\"ekit-wid-con ekit_menu_responsive_tablet\"\n\t\t\tdata-hamburger-icon=\"\"\n\t\t\tdata-hamburger-icon-type=\"icon\"\n\t\t\tdata-responsive-breakpoint=\"1024\">\n\t\t\t            <button class=\"elementskit-menu-hamburger elementskit-menu-toggler\"  type=\"button\" aria-label=\"hamburger-icon\">\n                                    <span class=\"elementskit-menu-hamburger-icon\"><\/span><span class=\"elementskit-menu-hamburger-icon\"><\/span><span class=\"elementskit-menu-hamburger-icon\"><\/span>\n                            <\/button>\n            <div id=\"ekit-megamenu-menu-principal\" class=\"elementskit-menu-container elementskit-menu-offcanvas-elements elementskit-navbar-nav-default ekit-nav-menu-one-page-yes ekit-nav-dropdown-hover\"><ul id=\"menu-menu-principal\" class=\"elementskit-navbar-nav elementskit-menu-po-right submenu-click-on-icon\"><li id=\"menu-item-71\" class=\"menu-item menu-item-type-custom menu-item-object-custom menu-item-has-children menu-item-71 nav-item elementskit-dropdown-has relative_position elementskit-dropdown-menu-default_width elementskit-mobile-builder-content\" data-vertical-menu=\"750px\"><a href=\"https:\/\/www.galeriebernardbouche.com\/en\/\" class=\"ekit-menu-nav-link ekit-menu-dropdown-toggle\">EXHIBITIONS<i aria-hidden=\"true\" class=\"icon icon-down-arrow1 elementskit-submenu-indicator\"><\/i><\/a>\n<ul class=\"elementskit-dropdown elementskit-submenu-panel\">\n\t<li id=\"menu-item-917\" class=\"menu-item menu-item-type-post_type menu-item-object-page menu-item-917 nav-item elementskit-mobile-builder-content\" data-vertical-menu=\"750px\"><a href=\"https:\/\/www.galeriebernardbouche.com\/en\/exposition-en-cours\/\" class=\"dropdown-item\">CURRENT EXHIBITION<\/a>\t<li id=\"menu-item-5665\" class=\"menu-item menu-item-type-post_type menu-item-object-page menu-item-5665 nav-item elementskit-mobile-builder-content\" data-vertical-menu=\"750px\"><a href=\"https:\/\/www.galeriebernardbouche.com\/en\/expositions-a-venir\/\" class=\"dropdown-item\">UPCOMING EXHIBITION<\/a>\t<li id=\"menu-item-2629\" class=\"menu-item menu-item-type-post_type menu-item-object-page menu-item-2629 nav-item elementskit-mobile-builder-content\" data-vertical-menu=\"750px\"><a href=\"https:\/\/www.galeriebernardbouche.com\/en\/expositions-passees\/\" class=\"dropdown-item\">PAST EXHIBITIONS<\/a><\/ul>\n<\/li>\n<li id=\"menu-item-2815\" class=\"menu-item menu-item-type-post_type menu-item-object-page menu-item-2815 nav-item elementskit-mobile-builder-content\" data-vertical-menu=\"750px\"><a href=\"https:\/\/www.galeriebernardbouche.com\/en\/artistes\/\" class=\"ekit-menu-nav-link\">ARTISTS<\/a><\/li>\n<li id=\"menu-item-907\" class=\"menu-item menu-item-type-post_type menu-item-object-page menu-item-907 nav-item elementskit-mobile-builder-content\" data-vertical-menu=\"750px\"><a href=\"https:\/\/www.galeriebernardbouche.com\/en\/contact\/\" class=\"ekit-menu-nav-link\">CONTACT<\/a><\/li>\n<li id=\"menu-item-904\" class=\"trp-language-switcher-container menu-item menu-item-type-post_type menu-item-object-language_switcher current-language-menu-item menu-item-904 nav-item elementskit-mobile-builder-content\" data-vertical-menu=\"750px\"><a href=\"https:\/\/www.galeriebernardbouche.com\/en\/wp-json\/wp\/v2\/pages\/2345\" class=\"ekit-menu-nav-link\"><span data-no-translation><span class=\"trp-ls-language-name\">FR<\/span><\/span><\/a><\/li>\n<li id=\"menu-item-903\" class=\"trp-language-switcher-container menu-item menu-item-type-post_type menu-item-object-language_switcher current-language-menu-item menu-item-903 nav-item elementskit-mobile-builder-content\" data-vertical-menu=\"750px\"><a href=\"https:\/\/www.galeriebernardbouche.com\/en\/wp-json\/wp\/v2\/pages\/2345\" class=\"ekit-menu-nav-link\"><span data-no-translation><span class=\"trp-ls-language-name\">EN<\/span><\/span><\/a><\/li>\n<\/ul><div class=\"elementskit-nav-identity-panel\"><button class=\"elementskit-menu-close elementskit-menu-toggler\" type=\"button\">X<\/button><\/div><\/div>\n\t\t\t<div class=\"elementskit-menu-overlay elementskit-menu-offcanvas-elements elementskit-menu-toggler ekit-nav-menu--overlay\"><\/div>        <\/nav>\n\t\t\t\t\t\t<\/div>\n\t\t\t\t<\/div>\n\t\t\t\t\t<\/div>\n\t\t<\/div>\n\t\t\t\t\t<\/div>\n\t\t<\/section>\n\t\t\t\t<section class=\"elementor-section elementor-top-section elementor-element elementor-element-4656bd8 elementor-section-height-min-height animated-slow elementor-section-full_width elementor-section-items-top elementor-reverse-mobile elementor-section-height-default wpr-particle-no wpr-jarallax-no wpr-parallax-no wpr-sticky-section-no wpr-equal-height-no elementor-invisible\" data-id=\"4656bd8\" data-element_type=\"section\" data-e-type=\"section\" data-settings=\"{&quot;background_background&quot;:&quot;classic&quot;,&quot;animation&quot;:&quot;fadeIn&quot;}\">\n\t\t\t\t\t\t<div class=\"elementor-container elementor-column-gap-default\">\n\t\t\t\t\t<div class=\"elementor-column elementor-col-50 elementor-top-column elementor-element elementor-element-6288b15\" data-id=\"6288b15\" data-element_type=\"column\" data-e-type=\"column\">\n\t\t\t<div class=\"elementor-widget-wrap elementor-element-populated\">\n\t\t\t\t\t\t<div class=\"elementor-element elementor-element-dc8a5df elementor-widget elementor-widget-text-editor\" data-id=\"dc8a5df\" data-element_type=\"widget\" data-e-type=\"widget\" data-widget_type=\"text-editor.default\">\n\t\t\t\t<div class=\"elementor-widget-container\">\n\t\t\t\t\t\t\t\t\t<p>EMANUELE BECHERI<\/p>\t\t\t\t\t\t\t\t<\/div>\n\t\t\t\t<\/div>\n\t\t\t\t<div class=\"elementor-element elementor-element-313929e elementor-widget elementor-widget-text-editor\" data-id=\"313929e\" data-element_type=\"widget\" data-e-type=\"widget\" data-widget_type=\"text-editor.default\">\n\t\t\t\t<div class=\"elementor-widget-container\">\n\t\t\t\t\t\t\t\t\t<p style=\"text-align: justify;\">Emanuele Becheri has always been interested in drawing, which he has studied in various forms and mediums\u2014drawing in the dark, photography, video, music, and sculpture, especially in terracotta. According to the artist, the relationship between drawing and sculpture is not just a concept: it is realized through the phenomenon of \"reverberation.\" There is a relationship of resonance\u2014which is felt primarily in terracotta\u2014a tension in the gesture, a vibration of the line.<\/p><p style=\"text-align: justify;\">If you ask him about his influences and his masters in the field of sculpture, Becheri answers: \"In 2016, in the collective exhibition <i>The Lasting<\/i> At the Galleria Nazionale di Roma, I found myself with one of my works (Shining, 2007, luminescent smudges of snails on a black background) next to<i>Impression de Boulevard<\/i> and <i>Ecce Puer<\/i> by the artist Medardo Rosso. It was the first spark. And later, in the exhibition <i>De Scultura<\/i> At the Casa Masaccio designed by Saretto Cincinelli (2018), I showed my terracotta pieces for the first time, creating a t\u00eate-\u00e0-t\u00eate with what was beginning to interest me more and more closely; a game of looks, of revisions, of tracking, the unique and rare possibility of seeing my works several times in rooms strictly intended and shared with old masters, imagining finding roots that only the real presence of the sculptures, in this common space, could reveal.<\/p><p style=\"text-align: justify;\">Emanuele Becheri, born in Prato in 1973, completed his academic training at the Fine Arts School of<b> <\/b>Florence, where he studied both traditional techniques and contemporary trends. He now enjoys national and international recognition. In 2020, the Museo Novecento in Florence dedicated a monographic exhibition to him, <i>Sculture e disegni<\/i>The event was curated by critics Sergio Risaliti and Saretto Cincinelli. An important catalogue was published on this occasion by Novecento Editions. Among his recent group exhibitions are <i>Ragione e Sentimento<\/i> at the Galleria Nazionale d\u2019Arte Moderna e Contemporanea (2019) designed by Chiara Stefani and Massimo Mininni; but also <i>De scultura<\/i> organized at Casa Masaccio, Centro per l\u2019Arte Contemporanea.<\/p>\t\t\t\t\t\t\t\t<\/div>\n\t\t\t\t<\/div>\n\t\t\t\t<div class=\"elementor-element elementor-element-45d4e09 elementor-icon-list--layout-inline elementor-align-center elementor-widget__width-initial elementor-list-item-link-full_width elementor-widget elementor-widget-icon-list\" data-id=\"45d4e09\" data-element_type=\"widget\" data-e-type=\"widget\" data-widget_type=\"icon-list.default\">\n\t\t\t\t<div class=\"elementor-widget-container\">\n\t\t\t\t\t\t\t<ul class=\"elementor-icon-list-items elementor-inline-items\">\n\t\t\t\t\t\t\t<li class=\"elementor-icon-list-item elementor-inline-item\">\n\t\t\t\t\t\t\t\t\t\t\t<a href=\"https:\/\/sculptureforum.net\/2020\/10\/07\/handling-sculpture-emanuele-becheris-creatures-in-clay\/\">\n\n\t\t\t\t\t\t\t\t\t\t\t\t<span class=\"elementor-icon-list-icon\">\n\t\t\t\t\t\t\t<i aria-hidden=\"true\" class=\"fas fa-file\"><\/i>\t\t\t\t\t\t<\/span>\n\t\t\t\t\t\t\t\t\t\t<span class=\"elementor-icon-list-text\">Learn more<\/span>\n\t\t\t\t\t\t\t\t\t\t\t<\/a>\n\t\t\t\t\t\t\t\t\t<\/li>\n\t\t\t\t\t\t\t\t<li class=\"elementor-icon-list-item elementor-inline-item\">\n\t\t\t\t\t\t\t\t\t\t\t<a href=\"https:\/\/www.galeriebernardbouche.com\/wp-content\/uploads\/2024\/03\/E.B-Exposition.pdf\">\n\n\t\t\t\t\t\t\t\t\t\t\t\t<span class=\"elementor-icon-list-icon\">\n\t\t\t\t\t\t\t<i aria-hidden=\"true\" class=\"fas fa-file\"><\/i>\t\t\t\t\t\t<\/span>\n\t\t\t\t\t\t\t\t\t\t<span class=\"elementor-icon-list-text\">Biography<\/span>\n\t\t\t\t\t\t\t\t\t\t\t<\/a>\n\t\t\t\t\t\t\t\t\t<\/li>\n\t\t\t\t\t\t<\/ul>\n\t\t\t\t\t\t<\/div>\n\t\t\t\t<\/div>\n\t\t\t\t\t<\/div>\n\t\t<\/div>\n\t\t\t\t<div class=\"elementor-column elementor-col-50 elementor-top-column elementor-element elementor-element-a1365fb\" data-id=\"a1365fb\" data-element_type=\"column\" data-e-type=\"column\">\n\t\t\t<div class=\"elementor-widget-wrap elementor-element-populated\">\n\t\t\t\t\t\t\t<\/div>\n\t\t<\/div>\n\t\t\t\t\t<\/div>\n\t\t<\/section>\n\t\t\t\t<section class=\"elementor-section elementor-top-section elementor-element elementor-element-1217168 elementor-section-height-min-height elementor-hidden-mobile elementor-section-boxed elementor-section-height-default elementor-section-items-middle wpr-particle-no wpr-jarallax-no wpr-parallax-no wpr-sticky-section-no wpr-equal-height-no\" data-id=\"1217168\" data-element_type=\"section\" data-e-type=\"section\" data-settings=\"{&quot;background_background&quot;:&quot;classic&quot;}\">\n\t\t\t\t\t\t<div class=\"elementor-container elementor-column-gap-default\">\n\t\t\t\t\t<div class=\"elementor-column elementor-col-100 elementor-top-column elementor-element elementor-element-4d82be7\" data-id=\"4d82be7\" data-element_type=\"column\" data-e-type=\"column\">\n\t\t\t<div class=\"elementor-widget-wrap elementor-element-populated\">\n\t\t\t\t\t\t<div class=\"elementor-element elementor-element-3c921ec elementor-widget elementor-widget-spacer\" data-id=\"3c921ec\" data-element_type=\"widget\" data-e-type=\"widget\" data-widget_type=\"spacer.default\">\n\t\t\t\t<div class=\"elementor-widget-container\">\n\t\t\t\t\t\t\t<div class=\"elementor-spacer\">\n\t\t\t<div class=\"elementor-spacer-inner\"><\/div>\n\t\t<\/div>\n\t\t\t\t\t\t<\/div>\n\t\t\t\t<\/div>\n\t\t\t\t\t<\/div>\n\t\t<\/div>\n\t\t\t\t\t<\/div>\n\t\t<\/section>\n\t\t\t\t<section class=\"elementor-section elementor-top-section elementor-element elementor-element-821e763 elementor-section-full_width elementor-section-height-default elementor-section-height-default wpr-particle-no wpr-jarallax-no wpr-parallax-no wpr-sticky-section-no wpr-equal-height-no\" data-id=\"821e763\" data-element_type=\"section\" data-e-type=\"section\">\n\t\t\t\t\t\t<div class=\"elementor-container elementor-column-gap-no\">\n\t\t\t\t\t<div class=\"elementor-column elementor-col-100 elementor-top-column elementor-element elementor-element-56a9d5f\" data-id=\"56a9d5f\" data-element_type=\"column\" data-e-type=\"column\">\n\t\t\t<div class=\"elementor-widget-wrap elementor-element-populated\">\n\t\t\t\t\t\t<div class=\"elementor-element elementor-element-fd49185 elementor-widget-divider--view-line elementor-widget elementor-widget-divider\" data-id=\"fd49185\" data-element_type=\"widget\" data-e-type=\"widget\" data-widget_type=\"divider.default\">\n\t\t\t\t<div class=\"elementor-widget-container\">\n\t\t\t\t\t\t\t<div class=\"elementor-divider\">\n\t\t\t<span class=\"elementor-divider-separator\">\n\t\t\t\t\t\t<\/span>\n\t\t<\/div>\n\t\t\t\t\t\t<\/div>\n\t\t\t\t<\/div>\n\t\t\t\t<section class=\"elementor-section elementor-inner-section elementor-element elementor-element-c18638d elementor-section-full_width elementor-section-height-default elementor-section-height-default wpr-particle-no wpr-jarallax-no wpr-parallax-no wpr-sticky-section-no wpr-equal-height-no\" data-id=\"c18638d\" data-element_type=\"section\" data-e-type=\"section\">\n\t\t\t\t\t\t<div class=\"elementor-container elementor-column-gap-default\">\n\t\t\t\t\t<div class=\"elementor-column elementor-col-50 elementor-inner-column elementor-element elementor-element-74007c9\" data-id=\"74007c9\" data-element_type=\"column\" data-e-type=\"column\">\n\t\t\t<div class=\"elementor-widget-wrap elementor-element-populated\">\n\t\t\t\t\t\t<div class=\"elementor-element elementor-element-27d1552 elementor-widget elementor-widget-text-editor\" data-id=\"27d1552\" data-element_type=\"widget\" data-e-type=\"widget\" data-widget_type=\"text-editor.default\">\n\t\t\t\t<div class=\"elementor-widget-container\">\n\t\t\t\t\t\t\t\t\t<p>\u00a92022 All rights reserved Galerie Bernard Bouche<br \/><a href=\"https:\/\/www.galeriebernardbouche.com\/en\/mentions-legales\/\">Legal mentions<\/a> &#8211; <a href=\"https:\/\/www.galeriebernardbouche.com\/en\/politique-de-confidentialite\/\">Politique de confidentialit\u00e9<\/a><\/p>\t\t\t\t\t\t\t\t<\/div>\n\t\t\t\t<\/div>\n\t\t\t\t\t<\/div>\n\t\t<\/div>\n\t\t\t\t<div class=\"elementor-column elementor-col-50 elementor-inner-column elementor-element elementor-element-5c65361\" data-id=\"5c65361\" data-element_type=\"column\" data-e-type=\"column\">\n\t\t\t<div class=\"elementor-widget-wrap elementor-element-populated\">\n\t\t\t\t\t\t<div class=\"elementor-element elementor-element-454c387 elementor-view-default elementor-widget elementor-widget-icon\" data-id=\"454c387\" data-element_type=\"widget\" data-e-type=\"widget\" data-widget_type=\"icon.default\">\n\t\t\t\t<div class=\"elementor-widget-container\">\n\t\t\t\t\t\t\t<div class=\"elementor-icon-wrapper\">\n\t\t\t<a class=\"elementor-icon\" href=\"https:\/\/www.instagram.com\/galeriebernardbouche\/?hl=fr\">\n\t\t\t<i aria-hidden=\"true\" class=\"fab fa-instagram\"><\/i>\t\t\t<\/a>\n\t\t<\/div>\n\t\t\t\t\t\t<\/div>\n\t\t\t\t<\/div>\n\t\t\t\t\t<\/div>\n\t\t<\/div>\n\t\t\t\t\t<\/div>\n\t\t<\/section>\n\t\t\t\t\t<\/div>\n\t\t<\/div>\n\t\t\t\t\t<\/div>\n\t\t<\/section>\n\t\t\t\t<\/div>","protected":false},"excerpt":{"rendered":"<p>GALERIE BERNARD BOUCHE Expositions EXPOSITION EN COURS EXPOSITIONS PASS\u00c9ES EXPOSITIONS \u00c0 VENIR ARTISTES CONTACT FR EN X EMANUELE BECHERI Emanuele Becheri s\u2019est toujours int\u00e9ress\u00e9 au dessin qu\u2019il a \u00e9tudi\u00e9 sous diff\u00e9rentes formes et m\u00e9diums \u2013 dessin dans l\u2019obscurit\u00e9, photographie, vid\u00e9o, musique, sculpture surtout en terre cuite. Selon l\u2019artiste, la relation entre le dessin et la sculpture n\u2019est pas seulement un concept\u00a0: elle se concr\u00e9tise sous le ph\u00e9nom\u00e8ne de \u00ab\u00a0r\u00e9verb\u00e9ration\u00a0\u00bb. Il y a une relation de r\u00e9sonance \u2013 que l\u2019on ressent principalement dans la terre cuite \u2013 une tension dans le geste, une vibration du trait. Si vous lui posez la question de ses influences et de ses maitres dans le domaine de la sculpture, Becheri vous r\u00e9pond : \u00ab En 2016, dans l\u2019exposition collective The Lasting \u00e0 la Galleria Nazionale di Roma, je me suis retrouv\u00e9 avec une de mes \u0153uvres (Shining, 2007, bavures luminescentes d\u2019escargots sur un fond noir) \u00e0 c\u00f4t\u00e9 d\u2019Impression de Boulevard et Ecce Puer de l\u2019artiste Medardo Rosso. C\u2019\u00e9tait la premi\u00e8re \u00e9tincelle. Et plus tard, dans l\u2019exposition De Scultura \u00e0 la Casa Masaccio imagin\u00e9e par Saretto Cincinelli, (2018), j\u2019ai montr\u00e9 pour la premi\u00e8re fois mes terres cuites, cr\u00e9ant un t\u00eate-\u00e0-t\u00eate avec ce qui commen\u00e7ait \u00e0 m\u2019int\u00e9resser de plus en plus \u00e9troitement ; un jeu de regards, de r\u00e9visions, de traque, la possibilit\u00e9 unique et rare de voir plusieurs fois mes \u0153uvres dans des salles strictement voulues et partag\u00e9es avec des ma\u00eetres anciens, en imaginant de trouver des racines que seule la pr\u00e9sence r\u00e9elle des sculptures, dans cet espace commun, pouvait r\u00e9v\u00e9ler. \u00bb Emanuele Becheri, n\u00e9 \u00e0 Prato en 1973 a suivi une formation acad\u00e9mique aux Beaux-arts de Florence, o\u00f9 il a \u00e9tudi\u00e9 \u00e0 la fois les techniques traditionnelles et les tendances contemporaines. Il a aujourd\u2019hui une reconnaissance nationale et internationale. En 2020 le Museo Novecento \u00e0 Florence, lui a consacr\u00e9 une exposition monographique, Sculture e disegni. Les curateurs de l\u2019\u00e9v\u00e8nement \u00e9taient les critiques Sergio Risaliti et Saretto Cincinelli. Un important catalogue a \u00e9t\u00e9 publi\u00e9 \u00e0 cette occasion par Novecento \u00e9ditions. Parmi ses r\u00e9centes expositions collectives, on trouve Ragione e Sentimento \u00e0 la Galleria Nazionale d\u2019Arte Moderna e Contemporanea (2019) imagin\u00e9e par Chiara Stefani et Massimo Mininni\u00a0; mais aussi De scultura organis\u00e9e \u00e0 la Casa Masaccio, Centro per l\u2019Arte Contemporanea. Learn more Biographie \u00a92022 All rights reserved Galerie Bernard BoucheMentions l\u00e9gales &#8211; Politique de confidentialit\u00e9<\/p>","protected":false},"author":1,"featured_media":0,"parent":0,"menu_order":65,"comment_status":"closed","ping_status":"closed","template":"elementor_canvas","meta":{"footnotes":""},"class_list":["post-2345","page","type-page","status-publish","hentry"],"_links":{"self":[{"href":"https:\/\/www.galeriebernardbouche.com\/en\/wp-json\/wp\/v2\/pages\/2345","targetHints":{"allow":["GET"]}}],"collection":[{"href":"https:\/\/www.galeriebernardbouche.com\/en\/wp-json\/wp\/v2\/pages"}],"about":[{"href":"https:\/\/www.galeriebernardbouche.com\/en\/wp-json\/wp\/v2\/types\/page"}],"author":[{"embeddable":true,"href":"https:\/\/www.galeriebernardbouche.com\/en\/wp-json\/wp\/v2\/users\/1"}],"replies":[{"embeddable":true,"href":"https:\/\/www.galeriebernardbouche.com\/en\/wp-json\/wp\/v2\/comments?post=2345"}],"version-history":[{"count":51,"href":"https:\/\/www.galeriebernardbouche.com\/en\/wp-json\/wp\/v2\/pages\/2345\/revisions"}],"predecessor-version":[{"id":4480,"href":"https:\/\/www.galeriebernardbouche.com\/en\/wp-json\/wp\/v2\/pages\/2345\/revisions\/4480"}],"wp:attachment":[{"href":"https:\/\/www.galeriebernardbouche.com\/en\/wp-json\/wp\/v2\/media?parent=2345"}],"curies":[{"name":"wp","href":"https:\/\/api.w.org\/{rel}","templated":true}]}}